{"id":6566,"date":"2026-03-09T21:47:03","date_gmt":"2026-03-09T20:47:03","guid":{"rendered":"https:\/\/lesescholiers.fr\/site\/?page_id=6566"},"modified":"2026-04-09T13:58:10","modified_gmt":"2026-04-09T12:58:10","slug":"festival-2026","status":"publish","type":"page","link":"https:\/\/lesescholiers.fr\/site\/festival\/festival-2026\/","title":{"rendered":"Festival 2026"},"content":{"rendered":"<div class=\"wpb-content-wrapper\"><p>[vc_row][vc_column parallax=\u00a0\u00bbcontent-moving\u00a0\u00bb]\t\r\n\t<div class=\"lc_vc_swp_section_title text_center\">\r\n\t\t\t\r\n\t\t\t<h2 class=\"swp_section_title\">17\u00e8me Festival de Th\u00e9\u00e2tre Amateur des Escholiers <span class=\"lc_vibrant_color\">d\u2019Annecy<\/span><\/h2>\r\n\t\t\t\r\n\r\n\t\t\t\r\n\t\t\t<h4 class=\"section_subtitle\">du 13 au 17 mai 2026<\/h4>\r\n\t\t\t\r\n\t<\/div>\r\n\t\r\n\t[vc_column_text css=\u00a0\u00bb\u00a0\u00bb]Du&nbsp;<strong>mercredi 13 mai au dimanche 17 mai 2026<\/strong>, la compagnie de th\u00e9\u00e2tre Les Escholiers ouvre ses portes en grand pour accueillir des troupes amateurs venues de toute la France \u2013 et de Suisse voisine.<\/p>\n<p>Avec la 17<sup>e<\/sup> \u00e9dition de son Festival de th\u00e9\u00e2tre, elle inscrit dans la dur\u00e9e un \u00e9v\u00e9nement devenu une tradition \u00e0 Annecy : les habitants comme les visiteurs seront sans nul doute au rendez-vous, pour la quinzaine de repr\u00e9sentations pr\u00e9vues en alternance au Th\u00e9\u00e2tre de l\u2019\u00c9change et Salle Pierre Lamy.<\/p>\n<p>Au programme, une s\u00e9lection qui m\u00eale tous styles et tous genres, et qui fait la part belle au spectacle vivant et au jeu th\u00e9\u00e2tral. Entre com\u00e9dies, pi\u00e8ces dramatiques, th\u00e8mes de soci\u00e9t\u00e9 ou adaptations de textes classiques, le Festival des Escholiers s\u2019adresse \u00e0 tous, dans une ambiance conviviale.<\/p>\n<p><a href=\"https:\/\/lesescholiers.fr\/site\/wp-content\/uploads\/2026\/04\/ProgrammeFestivalEscholiers2026.pdf\">&gt;&gt;&gt; T\u00e9l\u00e9charger le programme<\/a>[\/vc_column_text][vc_single_image image=\u00a0\u00bb6582&Prime; img_size=\u00a0\u00bblarge\u00a0\u00bb css=\u00a0\u00bb\u00a0\u00bb][\/vc_column][\/vc_row][vc_row][vc_column]\t\r\n\t<div class=\"lc_vc_swp_section_title text_center\">\r\n\t\t\t\r\n\t\t\t<h2 class=\"swp_section_title\">Le programme  <span class=\"lc_vibrant_color\">en bref<\/span><\/h2>\r\n\t\t\t\r\n\r\n\t\t\t\r\n\t\t\t<h4 class=\"section_subtitle\">Pour tout savoir en un clin d\u2019\u0153il<\/h4>\r\n\t\t\t\r\n\t<\/div>\r\n\t\r\n\t[vc_column_text css=\u00a0\u00bb\u00a0\u00bb]<strong>Mercredi 13 mai<\/strong><\/p>\n<p>Soir\u00e9e d\u2019ouverture du festival &#8211; La chanson d&rsquo;un g\u00e2s qu&rsquo;a mal tourn\u00e9 | 19h30 | Salle Pierre Lamy<\/p>\n<p><strong>Jeudi 14 mai<\/strong><\/p>\n<p>Les filles aux mains jaunes | 11 h | Salle Pierre Lamy<br \/>\n\u00c9tat sauvage | 14 h 30 et 17 h 30 | Th\u00e9\u00e2tre de l\u2019Echange<br \/>\nSosies | 16 h 30 | Salle Pierre Lamy<br \/>\nLa beaut\u00e9 des gestes qu&rsquo;on ne fait pas | 21 h | Salle Pierre Lamy<\/p>\n<p><strong>Vendredi 15 mai<\/strong><\/p>\n<p>Combien d&rsquo;oiseaux dans le ciel ? | 11 h | Salle Pierre Lamy<br \/>\nVous n&rsquo;aurez pas ma haine | 14 h 30 et 17 h 30 | Th\u00e9\u00e2tre de l\u2019Echange<br \/>\nK.O. Debout ! | 16 h 30 | Salle Pierre Lamy<br \/>\nVieillir debout | 21 h | Salle Pierre Lamy<\/p>\n<p><strong>Samedi 16 mai<\/strong><\/p>\n<p>Devant la porte | 11 h | Salle Pierre Lamy<br \/>\nLes amis du placard | 14 h 30 et 17 h 30 | Th\u00e9\u00e2tre de l\u2019Echange<br \/>\nUn hiver \u00e0 Taganrog | 16 h 30 | Salle Pierre Lamy<br \/>\nL&rsquo;abattage rituel de Gorge Mastromas | 21 h | Salle Pierre Lamy<\/p>\n<p><strong>Dimanche 17 mai<\/strong><\/p>\n<p>D\u00e9bat anim\u00e9e par notre parrain | 10h | Salle Pierre Lamy<br \/>\nRemise des prix | 11h15 | Salle Pierre Lamy<\/p>\n<p>&nbsp;<\/p>\n<p><a href=\"https:\/\/lesescholiers.fr\/site\/wp-content\/uploads\/2026\/04\/ProgrammeFestivalEscholiers2026.pdf\">&gt;&gt;&gt; T\u00e9l\u00e9charger le programme<\/a>[\/vc_column_text]\t\r\n\t<div class=\"lc_vc_swp_section_title text_center\">\r\n\t\t\t\r\n\t\t\t<h2 class=\"swp_section_title\">Le <span class=\"lc_vibrant_color\">programme<\/span><\/h2>\r\n\t\t\t\r\n\r\n\t\t\t\r\n\t\t\t<h4 class=\"section_subtitle\">Demandez le programme !<\/h4>\r\n\t\t\t\r\n\t<\/div>\r\n\t\r\n\t[mvc_timeline_father clr=\u00a0\u00bb#1E73BE\u00a0\u00bb][mvc_timeline_son maintitle=\u00a0\u00bbLa chanson d\u2019un g\u00e2s qu\u2019a mal tourn\u00e9\u00a0\u00bb date=\u00a0\u00bbMercredi 13 mai \u00e0 19 h 30 &#8211; Salle Pierre Lamy &#8211; Soir\u00e9e d&rsquo;ouverture gratuite\u00a0\u00bb clr=\u00a0\u00bb#1E73BE\u00a0\u00bb image_id=\u00a0\u00bb6461&Prime; bgclr=\u00a0\u00bb#1E73BE\u00a0\u00bb titlebg=\u00a0\u00bb#1E73BE\u00a0\u00bb titleclr=\u00a0\u00bb#FFFFFF\u00a0\u00bb]<em>Ce seul en sc\u00e8ne est con\u00e7u comme une s\u00e9rie de tableaux inspir\u00e9s de la vie rurale en France \u00e0 la fin du XIX si\u00e8cle.&nbsp; Cout\u00e9 raconte la vie beauceronne, en patois tr\u00e8s accessible, et en vers, s\u2019il vous plait ! <\/em><\/p>\n<p><em>Avec un regard tr\u00e8s ac\u00e9r\u00e9, souvent anarchisant, mais r\u00e9aliste et humoristique, les textes, th\u00e9\u00e2tralis\u00e9s, classent cet auteur parmi les plus populaires, et les plus appr\u00e9ci\u00e9s aujourd\u2019hui du monde d\u2019en- bas: il ne m\u00e2che pas ses mots, et s\u2019av\u00e8re accessible \u00e0 tous. <\/em><\/p>\n<p><em>A l\u2019heure de la crise agricole, et de la mal-vie de nos paysans, les mots de Cout\u00e9 font mouche.<\/em><\/p>\n<p>&nbsp;<\/p>\n<p><em>Auteur : Gaston Cout\u00e9<\/em><br \/>\n<em>Compagnie : Cie Rires Sourires <\/em><\/p>\n<p><em>Dur\u00e9e de la pi\u00e8ce : 1h05<\/em><br \/>\n<em>Genre : Com\u00e9die de m\u0153urs<\/em><\/p>\n<p>&nbsp;<\/p>\n<p>&nbsp;<\/p>\n<p>&nbsp;<\/p>\n<p>&nbsp;[\/mvc_timeline_son][mvc_timeline_son maintitle=\u00a0\u00bbLes filles aux mains jaunes\u00a0\u00bb titlealign=\u00a0\u00bbright\u00a0\u00bb date=\u00a0\u00bbJeudi 14 mai \u00e0 11h &#8211; Salle Pierre Lamy\u00a0\u00bb clr=\u00a0\u00bb#1E73BE\u00a0\u00bb bgclr=\u00a0\u00bb#1E73BE\u00a0\u00bb titleclr=\u00a0\u00bb#1E73BE\u00a0\u00bb image_id=\u00a0\u00bb6559&Prime;]Durant la \u00ab grande guerre \u00bb de 1914 \u00e0 1918, Julie, Rose, Jeanne et Louise travaillent dans une usine d\u2019armement. On les appelle les obusettes ou encore les filles aux mains jaunes car la manipulation quotidienne des substances explosives colore durablement leurs mains et leurs cheveux. Elles ont, toutes les quatre, un mari, un fr\u00e8re, des enfants sur le front, une famille \u00e0 nourrir \u00ab sans homme \u00e0 la maison \u00bb et pour certaines : des r\u00eaves d\u2019\u00e9mancipation&#8230;. Dans l\u2019enfer d\u2019un arsenal, empoisonn\u00e9es chaque jour par cette poudre jaune qui ne part plus \u00e0 la toilette, pay\u00e9es deux fois moins que les hommes, elles font la connaissance de leur destin d\u2019ouvri\u00e8res.<\/p>\n<p>&nbsp;<\/p>\n<p><em>Auteur : Michel Bellier<\/em><br \/>\n<em>Compagnie\u00a0: \u00a0La compagnie Qui palpite<br \/>\n<\/em><em>Dur\u00e9e de la pi\u00e8ce : 1h25<\/em><br \/>\n<em>Genre : Com\u00e9die dramatique<br \/>\n<\/em><em>A partir de\u00a0: 12 ans<br \/>\n<\/em><em>Mise en sc\u00e8ne : Vincent Melquiond<br \/>\n<\/em><em>Com\u00e9diens : Andr\u00e9a Colpo, Elisa Tirelli, H\u00e9l\u00e8ne Raynal, Joana Escobet Selga<br \/>\n<\/em><em>Technique : Komlan Videgla<br \/>\n<\/em><em>Site : <a href=\"https:\/\/ciequipalpite.weebly.com\/\">https:\/\/ciequipalpite.weebly.com\/<\/a><\/em>[\/mvc_timeline_son][mvc_timeline_son maintitle=\u00a0\u00bb\u00c9tat sauvage\u00a0\u00bb date=\u00a0\u00bbJeudi 14 mai \u00e0 14 h 30 et 17 h 30 &#8211; Th\u00e9\u00e2tre de l\u2019Echange\u00a0\u00bb clr=\u00a0\u00bb#DD9933&Prime; bgclr=\u00a0\u00bb#DD9933&Prime; titlebg=\u00a0\u00bb#DD9933&Prime; image_id=\u00a0\u00bb6554&Prime;]Dans un univers \u00e0 la fois cruel et burlesque, \u00c9tat Sauvage interroge notre rapport aux normes, \u00e0 l\u2019autorit\u00e9 et aux instincts primitifs. La pi\u00e8ce met en sc\u00e8ne deux personnages pris dans un huis clos oppressant, o\u00f9 les r\u00e8gles de la civilisation vacillent face \u00e0 la brutalit\u00e9 du monde. Tour \u00e0 tour absurdes, dr\u00f4les et inqui\u00e9tants, ils nous entra\u00eenent dans une danse troublante o\u00f9 l\u2019ordre et le chaos s\u2019affrontent sans merci.<\/p>\n<p>&nbsp;<\/p>\n<p><em>\u00a0<\/em><em>Auteur : St\u00e9phane Jaubertie<\/em><br \/>\n<em>Compagnie : Cie T \u00e0 Part<\/em><br \/>\n<em>Dur\u00e9e de la pi\u00e8ce : 1h30<\/em><br \/>\n<em>Genre : Thriller social<br \/>\n<\/em><em>A partir de : 14 ans<br \/>\n<\/em><em>Mise en sc\u00e8ne\u00a0: Marc Baijot &amp; Thierry Le Goff<br \/>\n<\/em><em>Direction com\u00e9diens : Sandrine Le Goff, Anne-Christine Duss<br \/>\n<\/em><em>Com\u00e9diens : Marc Baijot, Thierry Le Goff<br \/>\n<\/em><em>Technique : David Dumonteil<br \/>\nSite :\u00a0 <a href=\"https:\/\/cie-tapart.com\/\">https:\/\/cie-tapart.com\/<\/a><\/em>[\/mvc_timeline_son][mvc_timeline_son maintitle=\u00a0\u00bbSosies\u00a0\u00bb date=\u00a0\u00bbJeudi 14 mai \u00e0 16 h 30 &#8211; Salle Pierre Lamy\u00a0\u00bb clr=\u00a0\u00bb#1E73BE\u00a0\u00bb bgclr=\u00a0\u00bb#1E73BE\u00a0\u00bb titlebg=\u00a0\u00bb#1E73BE\u00a0\u00bb image_id=\u00a0\u00bb6553&Prime; titleclr=\u00a0\u00bb#FFFFFF\u00a0\u00bb]Bernie et Momo, sosies de Johnny Halliday (alias Little Johnny Rock) et Serge Gainsbourg (dit le Guinz), habitent la m\u00eame cit\u00e9. Momo ne supporte pas le succ\u00e8s de Bernie qui fait salle comble dans les bars et discoth\u00e8ques de la ville.<br \/>\nJean-Jean, vingt-neuf ans, apprend de ses parents, Biche et Momo, qu\u2019il a \u00e9t\u00e9 adopt\u00e9, apr\u00e8s qu\u2019ils lui aient donn\u00e9 son pr\u00e9nom. De son c\u00f4t\u00e9, Kate, une jeune paum\u00e9e en qu\u00eate d&rsquo;argent et de reconnaissance, devant le succ\u00e8s de Bernie, d\u00e9cide d\u2019embrasser elle aussi la carri\u00e8re de sosie.<br \/>\n\u00c0 force de jouer la vie des autres, ces personnages arriveront-ils enfin \u00e0 donner un sens \u00e0 la leur et \u00e0 savoir qui ils sont vraiment ?<\/p>\n<p>&nbsp;<\/p>\n<p><em>Auteur : R\u00e9mi De Vos<\/em><br \/>\n<em>Compagnie : Compagnie Caramb&rsquo;art<\/em><br \/>\n<em>Dur\u00e9e de la pi\u00e8ce : 1h20<\/em><br \/>\n<em>Genre : Com\u00e9die contemporaine<br \/>\n<\/em><em>A partir de : 14 ans<br \/>\n<\/em><em>Mise en sc\u00e8ne\u00a0: Marie-Fran\u00e7oise Roux<br \/>\n<\/em><em>Com\u00e9diens : Philippe P\u00e9raldi, Nathalie Salvat, Philippe Blanc<br \/>\n<\/em><em>Technique : Magali Prault<br \/>\n<\/em><em>Site\u00a0: <a href=\"https:\/\/www.instagram.com\/compagnie_carambart\">https:\/\/www.instagram.com\/compagnie_carambart<\/a><\/em>[\/mvc_timeline_son][mvc_timeline_son maintitle=\u00a0\u00bbLa beaut\u00e9 des gestes qu&rsquo;on ne fait pas\u00a0\u00bb date=\u00a0\u00bbJeudi 14 mai \u00e0 21 h &#8211; Salle Pierre Lamy\u00a0\u00bb clr=\u00a0\u00bb#1E73BE\u00a0\u00bb bgclr=\u00a0\u00bb#1E73BE\u00a0\u00bb titlebg=\u00a0\u00bb#1E73BE\u00a0\u00bb image_id=\u00a0\u00bb6558&Prime; titleclr=\u00a0\u00bb#FFFFFF\u00a0\u00bb]Hadrien, marqu\u00e9 par un pass\u00e9 douloureux, \u00e9crit une lettre, chez lui. Sa solitude est interrompue par l\u2019arriv\u00e9e d\u2019une inconnue qui pr\u00e9tend tout savoir sur lui. Pour essayer de comprendre la fragilit\u00e9 humaine et la qu\u00eate de sens face \u00e0 la douleur, cette inconnue va confronter Hadrien \u00e0 ses blessures profondes dans une conversation m\u00ealant le drame et l\u2019humour, et o\u00f9 chaque mot a le pouvoir d\u2019\u00eatre une lumi\u00e8re au c\u0153ur de l\u2019obscurit\u00e9.<\/p>\n<p>&nbsp;<\/p>\n<p><em>\u00a0<\/em><em>Auteur : \u00a0Aymeric Leclercq \/ Julie Joubard<\/em><br \/>\n<em>Compagnie : Oncion Th\u00e9\u00e2tre<\/em><br \/>\n<em>Dur\u00e9e de la pi\u00e8ce : 1h15<\/em><br \/>\n<em>Genre : \u00a0Com\u00e9die dramatique<br \/>\n<\/em><em>A partir de : 12 ans<br \/>\n<\/em><em>Mise en sc\u00e8ne\u00a0: coll\u00e9giale<br \/>\n<\/em><em>Com\u00e9diens : Julie joubard, Aymeric Leclerq, Philippe Ramos<br \/>\n<\/em><em>Technique : Samuel Rochat<br \/>\n<\/em><em>Site\u00a0: <a href=\"https:\/\/www.oncion.fr\/\">https:\/\/www.oncion.fr\/<\/a><\/em>[\/mvc_timeline_son][mvc_timeline_son maintitle=\u00a0\u00bbCombien d&rsquo;oiseaux dans le ciel ?\u00a0\u00bb date=\u00a0\u00bbVendredi 15 mai \u00e0 11 h &#8211; Salle Pierre Lamy\u00a0\u00bb clr=\u00a0\u00bb#1E73BE\u00a0\u00bb bgclr=\u00a0\u00bb#1E73BE\u00a0\u00bb titlebg=\u00a0\u00bb#1E73BE\u00a0\u00bb image_id=\u00a0\u00bb6557&Prime; titleclr=\u00a0\u00bb#FFFFFF\u00a0\u00bb]Etienne est un autiste Asperger de cinquante ans. Gr\u00e2ce \u00e0 l\u2019affection de ses parents qui veillent sur lui, il semble heureux dans sa vie bien r\u00e9gl\u00e9e. Et lorsque la r\u00e9alit\u00e9 est trop difficile, il s\u2019\u00e9chappe dans son monde imaginaire. Des \u00e9v\u00e8nements inattendus vont bousculer le quotidien d\u2019Etienne et lui montrer que son destin pourrait surpasser ses r\u00eaves\u2026 Malgr\u00e9 le th\u00e8me grave de la pi\u00e8ce, son traitement l\u00e9ger, positif et po\u00e9tique permet au spectateur d\u2019\u00eatre touch\u00e9 par les personnages tous plus attachants les uns que les autres.<\/p>\n<p>&nbsp;<\/p>\n<p><em>Auteur : Sylvie Cens<\/em><br \/>\n<em>Compagnie : L\u00e9ZardiZensc\u00e8ne<\/em><br \/>\n<em>Dur\u00e9e de la pi\u00e8ce : 1h10<\/em><br \/>\n<em>Genre : Com\u00e9die dramatique<br \/>\n<\/em><em>A partir de : 8 ans<br \/>\n<\/em><em>Mise en sc\u00e8ne\u00a0: Sylvie Cens<br \/>\n<\/em><em>Com\u00e9diens : Sandrine Foug\u00e8re, Th\u00e9r\u00e8se Gachet-Mauroz, Alexis Giuglaris, Annick Leon, Florence Paris, Jean Penicaud<br \/>\n<\/em><em>Technique : Madeleine Tisserand<br \/>\n<\/em><em>Site\u00a0: <a href=\"https:\/\/www.lezardizenscene.com\/\">https:\/\/www.lezardizenscene.com\/<\/a><\/em>[\/mvc_timeline_son][mvc_timeline_son maintitle=\u00a0\u00bbVous n&rsquo;aurez pas ma haine\u00a0\u00bb date=\u00a0\u00bbVendredi 15 mai \u00e0 14 h 30 et 17 h 30 &#8211; Th\u00e9\u00e2tre de l\u2019Echange\u00a0\u00bb clr=\u00a0\u00bb#DD9933&Prime; bgclr=\u00a0\u00bb#DD9933&Prime; titlebg=\u00a0\u00bb#DD9933&Prime; image_id=\u00a0\u00bb6555&Prime;]Ce seul en sc\u00e8ne reprend une partie du t\u00e9moignage \u00e9ponyme d\u2019Antoine Leiris (Editions Fayard, 2016). Il \u00e9voque ce dernier qui apprend que sa compagne a \u00e9t\u00e9 tu\u00e9e par des terroristes lors du concert au Bataclan, le 13 novembre 2015. Antoine doit d\u00e9sormais envisager et appr\u00e9hender sa vie aux c\u00f4t\u00e9s de leur petit gar\u00e7on, Melvil, alors \u00e2g\u00e9 de dix-sept mois. Une vie pr\u00e9vue \u00e0 trois qui va devoir se poursuivre \u00e0 deux, avec le d\u00e9sir absolu de ne pas tomber dans la haine des assassins de sa compagne, de la m\u00e8re de son fils. Un texte fort sur la r\u00e9silience.<\/p>\n<p><em>\u00a0<\/em><\/p>\n<p><em>Auteur : Antoine Leiris<\/em><br \/>\n<em>Compagnie : La compagnie Cogito<\/em><br \/>\n<em>Dur\u00e9e de la pi\u00e8ce : 1h15<\/em><br \/>\n<em>Genre : Seul en sc\u00e8ne dramatique<br \/>\n<\/em><em>A partir de : 13 ans<br \/>\n<\/em><em>Mise en sc\u00e8ne\u00a0: Patrick Luciani<br \/>\n<\/em><em>Com\u00e9dien : Fr\u00e9d\u00e9ric Seaux<\/em>[\/mvc_timeline_son][mvc_timeline_son maintitle=\u00a0\u00bbK.O. Debout !\u00a0\u00bb date=\u00a0\u00bbVendredi 15 mai \u00e0 16 h 30 &#8211; Salle Pierre Lamy\u00a0\u00bb clr=\u00a0\u00bb#1E73BE\u00a0\u00bb bgclr=\u00a0\u00bb#1E73BE\u00a0\u00bb titleclr=\u00a0\u00bb#FFFFFF\u00a0\u00bb image_id=\u00a0\u00bb6556&Prime; titlebg=\u00a0\u00bb#1E73BE\u00a0\u00bb]5 femmes, combattantes du quotidien. Elles d\u00e9voilent des bouts d&rsquo;intime, racontent les obstacles rencontr\u00e9s au fil de leur vie&#8230; Fortes et fi\u00e8res, elles ont toujours fait face, encaiss\u00e9 les chocs, esquiv\u00e9 les coups. Parce que c&rsquo;est comme \u00e7a, elles n\u2019ont pas le choix, la vie est un combat ! Enfin \u00e7a c\u2019est ce qu\u2019elles croient&#8230; K.O. Debout, c&rsquo;est l&rsquo;histoire d&rsquo;un choix. Un questionnement personnel o\u00f9 chacune et chacun se reconnaitra.<\/p>\n<p><em>\u00a0<\/em><\/p>\n<p><em>Auteur : Cr\u00e9ation<\/em><br \/>\n<em>Compagnie : Continents Com\u00e9diens<\/em><br \/>\n<em>Dur\u00e9e de la pi\u00e8ce : 0h50<\/em><br \/>\n<em>Genre : Com\u00e9die dramatique<br \/>\n<\/em><em>A partir de : 10 ans<br \/>\n<\/em><em>Mise en sc\u00e8ne\u00a0: collective<br \/>\n<\/em><em>Com\u00e9diens : V\u00e9ronique Lecavelier, Rachel Groix, Christelle Juillet, Magalie Petit, \u00a0\u00a0\u00a0 Isabelle Poirr\u00e9e<br \/>\n<\/em><em>Technique : Anthony Lesueur<br \/>\n<\/em><em>Site\u00a0: <a href=\"https:\/\/www.facebook.com\/continents.comediens\">https:\/\/www.facebook.com\/continents.comediens<\/a><\/em>[\/mvc_timeline_son][mvc_timeline_son maintitle=\u00a0\u00bbVieillir debout\u00a0\u00bb date=\u00a0\u00bbVendredi 15 mai \u00e0 21 h &#8211; Salle Pierre Lamy\u00a0\u00bb clr=\u00a0\u00bb#1E73BE\u00a0\u00bb bgclr=\u00a0\u00bb#1E73BE\u00a0\u00bb titleclr=\u00a0\u00bb#FFFFFF\u00a0\u00bb titlebg=\u00a0\u00bb#1E73BE\u00a0\u00bb image_id=\u00a0\u00bb6561&Prime;]Pour ne pas oublier que vieillir peut \u00eatre une force et, pourquoi pas une chance, Vieillir debout raconte avec une certaine l\u00e9g\u00e8ret\u00e9 l\u2019histoire de quatre vieux qui refusent de se r\u00e9signer. Osons prononcer ce mot \u00ab vieux \u00bb car nos personnages revendiquent, s\u2019indignent, se r\u00e9voltent, vivent leur passion et leurs yeux p\u00e9tillent. \u00c0 travers leurs souvenirs, leurs col\u00e8res et leurs \u00e9lans de vie, ils racontent la force qu\u2019il faut pour continuer \u00e0 aimer, \u00e0 r\u00eaver, \u00e0 se battre, m\u00eame quand le temps semble vouloir tout refermer. Entre \u00e9motion et humour, Vieillir debout interroge notre regard sur la vieillesse et c\u00e9l\u00e8bre la force vitale de ceux qui choisissent, envers et contre tout, de rester debout.<\/p>\n<p><em>\u00a0<\/em><\/p>\n<p><em>Auteur : Carole Prieur<\/em><br \/>\n<em>Compagnie : Th\u00e9\u00e2tre \u00e0 Coulisses<\/em><br \/>\n<em>Dur\u00e9e de la pi\u00e8ce : 1h15<\/em><br \/>\n<em>Genre : Ode \u00e0 la vieillesse<br \/>\n<\/em><em>A partir de : 12 ans<br \/>\n<\/em><em>Mise en sc\u00e8ne\u00a0: Jean-Louis Levert<br \/>\n<\/em><em>Com\u00e9diens : H\u00e9l\u00e8ne Cuvelier Lucas, Fran\u00e7ois Cuvelier, Jean-Louis Levert, Sylvie Malin, Sandrine Martin, Philippe Mondon<br \/>\n<\/em><em>Technique : Fabienne Corcy et Pascal Martin<br \/>\n<\/em><em>Site\u00a0: <a href=\"https:\/\/www.theatreacoulisses.fr\/\">https:\/\/www.theatreacoulisses.fr\/<\/a><\/em>[\/mvc_timeline_son][mvc_timeline_son maintitle=\u00a0\u00bbDevant la porte\u00a0\u00bb date=\u00a0\u00bbSamedi 16 mai \u00e0 11 h &#8211; Salle Pierre Lamy\u00a0\u00bb clr=\u00a0\u00bb#1E73BE\u00a0\u00bb bgclr=\u00a0\u00bb#1E73BE\u00a0\u00bb titleclr=\u00a0\u00bb#FFFFFF\u00a0\u00bb titlebg=\u00a0\u00bb#1E73BE\u00a0\u00bb image_id=\u00a0\u00bb6560&Prime;]H\u00e9ros d\u2019un film insens\u00e9 Beckmann s\u2019en revient chez lui apr\u00e8s mille jours pass\u00e9s \u00e0 faire la guerre \u00e0 Stalingrad sur le front Russe. Entre r\u00eave et r\u00e9alit\u00e9, sur les rives de l\u2019Elbe qui traverse Hambourg, Beckmann veut se noyer, mais l\u2019Elbe ne veut pas de lui. Comme dans un conte \u00e9pique, il croisera une jeune femme, un Colonel et sa famille, une directrice de cabaret, une vieille femme qui occupe l\u2019appartement de ses parents\u2026 Autant de personnages dont les portes se refermeront sur Beckmann. Seul \u00ab l\u2019Autre \u00bb personnage all\u00e9gorique l\u2019accompagnera \u00e0 chaque \u00e9tape pour l\u2019aider \u00e0 retrouver le chemin de son enfance\u2026 qu\u2019en sera t-il ?<\/p>\n<p>&nbsp;<\/p>\n<p><em>Auteur : Wolfgang Borchert<\/em><br \/>\n<em>Compagnie : Th\u00e9\u00e2tre de la Roseraie<\/em><br \/>\n<em>Dur\u00e9e de la pi\u00e8ce : 1h45<\/em><br \/>\n<em>Genre : <\/em><em>Com\u00e9die dramatique<br \/>\n<\/em><em>A partir de : 12 ans<br \/>\n<\/em><em>Mise en sc\u00e8ne\u00a0: Bernard Bolzer<br \/>\n<\/em><em>Com\u00e9diens : Pierre Casanova, Fran\u00e7oise Leger, Nathalie Surcin, Annie Bolzer, Pascale Casanova, Lo\u00efc Pruzan<br \/>\n<\/em><em>Technique : Elisa Surcin <\/em>[\/mvc_timeline_son][mvc_timeline_son maintitle=\u00a0\u00bbLes amis du placard\u00a0\u00bb date=\u00a0\u00bbSamedi 16 mai \u00e0 14 h 30 et 17 h 30 &#8211; Th\u00e9\u00e2tre de l\u2019Echange\u00a0\u00bb clr=\u00a0\u00bb#DD9933&Prime; bgclr=\u00a0\u00bb#DD9933&Prime; titlebg=\u00a0\u00bb#DD9933&Prime; image_id=\u00a0\u00bb6562&Prime;]Un couple la quarantaine, une belle maison, une belle voiture et tout le confort apport\u00e9 par leur r\u00e9ussite sociale, mais sans amis s\u2019ennuie \u00e0 mourir. C\u2019est \u00e0 ce moment que la femme d\u00e9couvre dans une publicit\u00e9 que des amis sont \u00e0 vendre dans une grande surface voisine. Ils ach\u00e8tent un couple d\u2019amis, les installent dans un placard et les sortent de temps en temps pour les utiliser comme bon leur semble. Jusqu\u2019o\u00f9 iront-ils pour satisfaire le moindre de leurs d\u00e9sirs ? Ces amis achet\u00e9s, accepteront-ils l\u2019impossible, ou se r\u00e9volteront-ils pour \u00e9chapper aux griffes de leurs propri\u00e9taires. Vous le saurez en venant voir cette pi\u00e8ce qui je l\u2019esp\u00e8re vous fera r\u00e9fl\u00e9chir sur les orientations possibles de notre monde.<\/p>\n<p><em>\u00a0<\/em><\/p>\n<p><em>Auteur : Gabor Rassov<\/em><br \/>\n<em>Compagnie : Th\u00e9\u00e2tre d&rsquo;en Haut<\/em><br \/>\n<em>Dur\u00e9e de la pi\u00e8ce : 1h<\/em><br \/>\n<em>Genre : Com\u00e9die vacharde<br \/>\n<\/em><em>A partir de : 10 ans<br \/>\n<\/em><em>Mise en sc\u00e8ne\u00a0: Ludovic Plouze<br \/>\n<\/em><em>Com\u00e9diens : Sandrine Bounolleau, Esther Espinoza, Fr\u00e9d\u00e9ric Pottier, Bruno Roussel<br \/>\n<\/em><em>Technique : Jacques Tyc<br \/>\n<\/em><em>Site\u00a0: <a href=\"https:\/\/theatredenhaut.blogspot.com\/\">https:\/\/theatredenhaut.blogspot.com\/<\/a> <\/em>[\/mvc_timeline_son][mvc_timeline_son maintitle=\u00a0\u00bbUn hiver \u00e0 Taganrog\u00a0\u00bb date=\u00a0\u00bbSamedi 16 mai \u00e0 16 h 30 &#8211; Salle Pierre Lamy\u00a0\u00bb clr=\u00a0\u00bb#1E73BE\u00a0\u00bb bgclr=\u00a0\u00bb#1E73BE\u00a0\u00bb titleclr=\u00a0\u00bb#FFFFFF\u00a0\u00bb titlebg=\u00a0\u00bb#1E73BE\u00a0\u00bb image_id=\u00a0\u00bb6563&Prime;]Une pi\u00e8ce inspir\u00e9e de nouvelles de Tch\u00e9khov dans laquelle les habitants de Taganrog affrontent l\u2019hiver entre chapkas, humour et m\u00e9lancolie. Le spectacle, tir\u00e9 de plusieurs nouvelles d\u2019Anton Tchekhov, se d\u00e9roule \u00e0 Taganrog, le v\u00e9ritable village d\u2019enfance de l\u2019auteur russe. Les habitants sont autant de personnages qui cherchent \u00e0 donner du sens \u00e0 leur quotidien\u2026malgr\u00e9 l\u2019hiver. Chapka, humour, fourrure et m\u00e9lancolie. Bon voyage.<\/p>\n<p><em>\u00a0<\/em><\/p>\n<p><em>Auteur : Anton Tchekhov<\/em><br \/>\n<em>Compagnie : Troc&rsquo;Sc\u00e8ne<br \/>\n<\/em><em>Dur\u00e9e de la pi\u00e8ce : 1h20<\/em><br \/>\n<em>Genre : Com\u00e9die Dramatique<br \/>\n<\/em><em>A partir de : 10 ans<br \/>\n<\/em><em>Mise en sc\u00e8ne\u00a0: Joan Bellviure<br \/>\n<\/em><em>Com\u00e9diens : Olivier Allain, Olivier Christophe, Karine Ledent, Marie Michel, Muriel Renard, Emmanuel Renard, Cathy Rossi, Alain Sedaine<br \/>\n<\/em><em>Technique : Joan Bellviure<br \/>\n<\/em><em>Site\u00a0: <a href=\"https:\/\/troc-scene.jimdofree.com\/\">https:\/\/troc-scene.jimdofree.com\/<\/a><\/em>[\/mvc_timeline_son][mvc_timeline_son maintitle=\u00a0\u00bbL&rsquo;abattage rituel de Gorge Mastromas\u00a0\u00bb date=\u00a0\u00bbSamedi 16 mai \u00e0 21 h &#8211; Salle Pierre Lamy\u00a0\u00bb clr=\u00a0\u00bb#1E73BE\u00a0\u00bb bgclr=\u00a0\u00bb#1E73BE\u00a0\u00bb titleclr=\u00a0\u00bb#FFFFFF\u00a0\u00bb titlebg=\u00a0\u00bb#1E73BE\u00a0\u00bb image_id=\u00a0\u00bb6564&Prime;]Durant sa jeunesse, dans les situations de doute, Gorge a toujours fait ce qui \u00e9tait convenable du point de vue moral. Mais il n&rsquo;a jamais \u00e9t\u00e9 r\u00e9compens\u00e9 : son adolescence a suivi un cours bien r\u00e9gl\u00e9 ne d\u00e9passant jamais la moyenne. Seul son nom, qui rappelle Jules Verne, reste telle une promesse en suspens. Or, la vingtaine bient\u00f4t pass\u00e9e, tandis que son employeur est au bord de la ruine, une chance unique s&rsquo;offre \u00e0 Gorge. Il s&rsquo;en empare pour enfin faire partie du camp des vainqueurs. Il devient un impitoyable menteur, ne s&#8217;embarrasse plus des convenances, et s&rsquo;approprie ce qui lui pla\u00eet, jusqu&rsquo;\u00e0 devenir un des chefs d&rsquo;entreprise les plus prosp\u00e8res du monde&#8230;<\/p>\n<p><em>\u00a0<\/em><\/p>\n<p><em>Auteur : Dennis Kelly<\/em><br \/>\n<em>Compagnie : Le Vogelpik<\/em><br \/>\n<em>Dur\u00e9e de la pi\u00e8ce : 1h55<\/em><br \/>\n<em>Genre : Thriller, Drame<br \/>\n<\/em><em>A partir de : 14 ans<br \/>\n<\/em><em>Mise en sc\u00e8ne\u00a0: Terence Edison<br \/>\n<\/em><em>Com\u00e9diens : <\/em><em>Th\u00e9o Ramond, Max Brichet, Hugues Blondiau, Marion Dubois, Clara Pepinster, Erwan Ninane<br \/>\n<\/em><em>Technique : <\/em><em>Killian Rummens, Cl\u00e9ment Van den Eynde<br \/>\n<\/em><em>Site\u00a0: <a href=\"https:\/\/www.instagram.com\/le_vogelpik\/\">https:\/\/www.instagram.com\/le_vogelpik\/<\/a><\/em>[\/mvc_timeline_son][\/mvc_timeline_father]\t\r\n\t<div class=\"lc_vc_swp_section_title text_center\">\r\n\t\t\t\r\n\t\t\t<h2 class=\"swp_section_title\">Les <span class=\"lc_vibrant_color\">lieux<\/span><\/h2>\r\n\t\t\t\r\n\r\n\t\t\t\r\n\t\t\t<h4 class=\"section_subtitle\">Mais c'est o\u00f9 \u00e0 Annecy ?<\/h4>\r\n\t\t\t\r\n\t<\/div>\r\n\t\r\n\t[vc_column_text]Salle Pierre Lamy \/ 12 Rue de la R\u00e9publique 74000 Annecy<br \/>\nTh\u00e9\u00e2tre de l&rsquo;Echange \/ 26 rue Sommeiller 74000 Annecy[\/vc_column_text][\/vc_column][\/vc_row][vc_row][vc_column][vc_column_text]<style type=\"text\/css\" id=\"umsMapStyles_1_400\">\r\n    #ultimate_maps_1_400 {\r\n        width: 100%;\r\n        height: 450px;\r\n                border: 0px solid ;\r\n        margin: 0px;\r\n    }\r\n    #mapsControlsNum_1_400 {\r\n        width:100%    }\r\n    .umsMapDetailsContainer#umsMapDetailsContainer_1_400 {\r\n        height:450px;\r\n    }\r\n    .ums_MapPreview#ultimate_maps_1_400 {\r\n        \/*position:absolute;*\/\r\n        width:100%;\r\n    }\r\n    #mapConElem_1_400{\r\n        width:100%    }\r\n    <\/style><div class=\"ums_map_opts\" id=\"mapConElem_1_400\" data-id=\"1\" data-view-id=\"1_400\" > <div class=\"umsMapDetailsContainer\" id=\"umsMapDetailsContainer_1_400\"> <i class=\"umsKMLLayersPreloader fa fa-spinner fa-spin\" aria-hidden=\"true\" style=\"display: none;\"><\/i> <div class=\"ums_MapPreview \" id=\"ultimate_maps_1_400\"><\/div> <\/div> <div class=\"umsMapMarkerFilters\" id=\"umsMapMarkerFilters_1_400\"> <\/div> <div class=\"umsMapProControlsCon\" id=\"umsMapProControlsCon_1_400\"> <a title=\"Google Maps Wordpress\" style=\"display:none;\" href=\"https:\/\/supsystic.com\/plugins\/google-maps-plugin\/?utm_medium=love_link_hide\" target=\"_blank\">Google Maps Wordpress<\/a><div style=\"clear: both;\"><\/div> <\/div> <div class=\"umsMapProDirectionsCon\" id=\"umsMapProDirectionsCon_1_400\" > <\/div> <div class=\"umsMapProKmlFilterCon\" id=\"umsMapProKmlFilterCon_1_400\" > <\/div> <div class=\"umsSocialSharingShell umsSocialSharingShell_1_400\"> <\/div> <div style=\"clear: both;\"><\/div> <\/div>[\/vc_column_text]\t\r\n\t<div class=\"lc_vc_swp_section_title text_center\">\r\n\t\t\t\r\n\t\t\t<h2 class=\"swp_section_title\">La <span class=\"lc_vibrant_color\">billetterie<\/span><\/h2>\r\n\t\t\t\r\n\r\n\t\t\t\r\n\t\t\t<h4 class=\"section_subtitle\"><\/h4>\r\n\t\t\t\r\n\t<\/div>\r\n\t\r\n\t[vc_column_text css=\u00a0\u00bb\u00a0\u00bb]<strong>La billetterie en ligne est ouverte<\/strong>. Attention, seuls les billets plein tarifs sont disponibles en ligne : le PASS festival, le lot 6 billets, les tarifs r\u00e9duits, les tarifs festivaliers, et les billets \u00e0 \u00e9changer contre une invitation ne sont disponible qu&rsquo;en guichet.<\/p>\n<p>Tarifs:<br \/>\nPASS festival nominatif (valable pour les 12 repr\u00e9sentations en lice, soit toutes les repr\u00e9sentations des 14, 15, 16 mai \u00e0 la salle Pierre Lamy et toutes les repr\u00e9sentations de 14h 30 des 14, 15, 16 mai au th\u00e9\u00e2tre de l\u2019\u00c9change) : 110\u20ac.<\/p>\n<p>Lot 6 billets (non nominatif, il est possible de prendre dans le cadre de ce lot plusieurs billets du m\u00eame spectacle): 60 \u20ac<\/p>\n<p>Tarif normal : 14\u20ac<br \/>\nTarif r\u00e9duit (sur justificatif : membre FNCTA, demandeur d&#8217;emploi, lyc\u00e9en, \u00e9tudiant, adh\u00e9rent du Groupement d&rsquo;Annecy) : 7\u20ac<br \/>\nTarif gratuit : jusqu\u2019\u00e0 10 ans inclus (attention, tous les spectacles ne sont pas adapt\u00e9s \u00e0 un public jeune)<br \/>\nTarif festivalier : gratuit sur r\u00e9servation \u00e0 la salle Pierre Lamy \/ 7\u20ac au th\u00e9\u00e2tre de l\u2019\u00c9change<\/p>\n<p>Soir\u00e9e d&rsquo;ouverture : gratuite, sans r\u00e9servation.[\/vc_column_text][\/vc_column][\/vc_row][vc_row][vc_column][vc_raw_js]JTNDYSUyMHRpdGxlJTNEJTIyVmVudGUlMjBkZSUyMGJpbGxldHMlMjBlbiUyMGxpZ25lJTIyJTIwaHJlZiUzRCUyMmh0dHBzJTNBJTJGJTJGd3d3LmJpbGxldHdlYi5mciUyRm11bHRpX2V2ZW50LnBocCUzRm11bHRpJTNEMjgwNTElMjIlMjAlMjBjbGFzcyUzRCUyMnNob3BfZnJhbWUlMjIlMjAlMjB0YXJnZXQlM0QlMjJfYmxhbmslMjIlMjAlMjBkYXRhLXNyYyUzRCUyMmh0dHBzJTNBJTJGJTJGd3d3LmJpbGxldHdlYi5mciUyRm11bHRpX2V2ZW50LnBocCUzRm11bHRpJTNEMjgwNTElMjIlMjAlMjBkYXRhLW1heC13aWR0aCUzRCUyMjEwMCUyNSUyMiUyMCUyMGRhdGEtaW5pdGlhbC1oZWlnaHQlM0QlMjI2MDAlMjIlMjBkYXRhLXNjcm9sbGluZyUzRCUyMm5vJTIyJTIwJTIwZGF0YS1pZCUzRCUyMjI4MDUxJTIyJTIwJTIwZGF0YS1yZXNpemUlM0QlMjIxJTIyJTNFVmVudGUlMjBkZSUyMGJpbGxldHMlMjBlbiUyMGxpZ25lJTNDJTJGYSUzRSUzQ3NjcmlwdCUyMHR5cGUlM0QlMjJ0ZXh0JTJGamF2YXNjcmlwdCUyMiUyMHNyYyUzRCUyMmh0dHBzJTNBJTJGJTJGd3d3LmJpbGxldHdlYi5mciUyRmpzJTJGZXhwb3J0LmpzJTIyJTNFJTNDJTJGc2NyaXB0JTNF[\/vc_raw_js][\/vc_column][\/vc_row][vc_row][vc_column][\/vc_column][\/vc_row]<\/p>\n<\/div>","protected":false},"excerpt":{"rendered":"<p>[vc_row][vc_column parallax=\u00a0\u00bbcontent-moving\u00a0\u00bb][vc_column_text css=\u00a0\u00bb\u00a0\u00bb]Du&nbsp;mercredi 13 mai au dimanche 17 mai 2026, la compagnie de th\u00e9\u00e2tre Les Escholiers ouvre ses portes en grand pour accueillir des troupes amateurs venues de toute la France \u2013 et de Suisse voisine. Avec la 17e \u00e9dition&#8230;<\/p>\n","protected":false},"author":1,"featured_media":0,"parent":303,"menu_order":0,"comment_status":"closed","ping_status":"closed","template":"","meta":{"_exactmetrics_skip_tracking":false,"_exactmetrics_sitenote_active":false,"_exactmetrics_sitenote_note":"","_exactmetrics_sitenote_category":0,"footnotes":""},"class_list":["post-6566","page","type-page","status-publish","hentry"],"_links":{"self":[{"href":"https:\/\/lesescholiers.fr\/site\/wp-json\/wp\/v2\/pages\/6566","targetHints":{"allow":["GET"]}}],"collection":[{"href":"https:\/\/lesescholiers.fr\/site\/wp-json\/wp\/v2\/pages"}],"about":[{"href":"https:\/\/lesescholiers.fr\/site\/wp-json\/wp\/v2\/types\/page"}],"author":[{"embeddable":true,"href":"https:\/\/lesescholiers.fr\/site\/wp-json\/wp\/v2\/users\/1"}],"replies":[{"embeddable":true,"href":"https:\/\/lesescholiers.fr\/site\/wp-json\/wp\/v2\/comments?post=6566"}],"version-history":[{"count":13,"href":"https:\/\/lesescholiers.fr\/site\/wp-json\/wp\/v2\/pages\/6566\/revisions"}],"predecessor-version":[{"id":6587,"href":"https:\/\/lesescholiers.fr\/site\/wp-json\/wp\/v2\/pages\/6566\/revisions\/6587"}],"up":[{"embeddable":true,"href":"https:\/\/lesescholiers.fr\/site\/wp-json\/wp\/v2\/pages\/303"}],"wp:attachment":[{"href":"https:\/\/lesescholiers.fr\/site\/wp-json\/wp\/v2\/media?parent=6566"}],"curies":[{"name":"wp","href":"https:\/\/api.w.org\/{rel}","templated":true}]}}