{"id":6111,"date":"2022-09-01T19:22:05","date_gmt":"2022-09-01T18:22:05","guid":{"rendered":"https:\/\/lesescholiers.fr\/site\/?page_id=6111"},"modified":"2023-05-21T16:21:34","modified_gmt":"2023-05-21T15:21:34","slug":"festival-2023","status":"publish","type":"page","link":"https:\/\/lesescholiers.fr\/site\/festival\/festival-2023\/","title":{"rendered":"Festival 2023"},"content":{"rendered":"<div class=\"wpb-content-wrapper\"><p>[vc_row][vc_column parallax=\u00a0\u00bbcontent-moving\u00a0\u00bb][vc_single_image image=\u00a0\u00bb6218&Prime; img_size=\u00a0\u00bblarge\u00a0\u00bb]\t\r\n\t<div class=\"lc_vc_swp_section_title text_center\">\r\n\t\t\t\r\n\t\t\t<h2 class=\"swp_section_title\">14\u00e8me Festival de Th\u00e9\u00e2tre Amateur des Escholiers <span class=\"lc_vibrant_color\">d\u2019Annecy<\/span><\/h2>\r\n\t\t\t\r\n\r\n\t\t\t\r\n\t\t\t<h4 class=\"section_subtitle\">du 17 au 21 mai 2023<\/h4>\r\n\t\t\t\r\n\t<\/div>\r\n\t\r\n\t[vc_column_text]Du 17 au 21 mai, la compagnie de th\u00e9\u00e2tre Les Escholiers ouvre ses portes en grand pour accueillir des troupes amateur venues de toute la France \u2013 et de Suisse voisine.<br \/>\nAvec la 14\u00e8 \u00e9dition de son Festival de th\u00e9\u00e2tre, elle inscrit dans la dur\u00e9e un \u00e9v\u00e9nement devenu une tradition \u00e0 Annecy : les habitants comme les visiteurs seront sans nul doute au rendez-vous, pour la quinzaine de repr\u00e9sentations pr\u00e9vues en alternance au Th\u00e9\u00e2tre de l\u2019\u00c9change et Salle Pierre Lamy.<br \/>\nAu programme, une s\u00e9lection qui m\u00eale tous styles et tous genres, et qui fait la part belle au spectacle vivant et au jeu th\u00e9\u00e2tral. Entre com\u00e9dies, pi\u00e8ces dramatiques, th\u00e8mes de soci\u00e9t\u00e9 ou adaptations de textes classiques, le Festival des Escholiers s\u2019adresse \u00e0 tous, dans une ambiance conviviale.[\/vc_column_text][vc_btn title=\u00a0\u00bbT\u00e9l\u00e9charger le programme\u00a0\u00bb link=\u00a0\u00bburl:https%3A%2F%2Flesescholiers.fr%2Fsite%2Fwp-content%2Fuploads%2F2023%2F04%2FFestival_des_Escholiers_2023-Programme.pdf\u00a0\u00bb]\t\r\n\t<div class=\"lc_vc_swp_section_title text_center\">\r\n\t\t\t\r\n\t\t\t<h2 class=\"swp_section_title\">Le <span class=\"lc_vibrant_color\">Palmar\u00e8s<\/span><\/h2>\r\n\t\t\t\r\n\r\n\t\t\t\r\n\t\t\t<h4 class=\"section_subtitle\">Bravo \u00e0 tous les participants<\/h4>\r\n\t\t\t\r\n\t<\/div>\r\n\t\r\n\t[vc_column_text]<\/p>\n<div class=\"wpb_text_column wpb_content_element \">\n<div class=\"wpb_wrapper\">\n<div>Prix Camille Mugnier : Que la noce commence &#8211; <em>Nouveau Th\u00e9\u00e2tre de Fribourg<\/em><br clear=\"none\" \/>Prix de Ville d\u2019Annecy (meilleure mises en sc\u00e8ne) : Le repas des fauves &#8211; <em>Th\u00e9\u00e2tre Russa Lux<\/em><br clear=\"none\" \/>Prix coup de C\u0153ur : Dis \u00e0 ma fille que je pars en voyage &#8211; <em>I Have a dream<\/em><\/div>\n<div>Prix Jury jeune : La Nostalgie des Blattes &#8211; <em>La Cie Accordage<\/em><br clear=\"none\" \/>Prix du public : Dis \u00e0 ma fille que je pars en voyage\u00a0 &#8211; <em>I Have a dream<\/em><\/div>\n<div><\/div>\n<div><span class=\"d2edcug0 hpfvmrgz qv66sw1b c1et5uql lr9zc1uh a8c37x1j fe6kdd0r mau55g9w c8b282yb keod5gw0 nxhoafnm aigsh9s9 d3f4x2em iv3no6db jq4qci2q a3bd9o3v b1v8xokw oo9gr5id hzawbc8m\" dir=\"auto\">Merci \u00e0 tous les participants, au public, aux sponsors, aux b\u00e9n\u00e9voles, \u00e0 la ville d\u2019Annecy et ses agents pour cette tr\u00e8s belle \u00e9dition<\/span> !<\/div>\n<\/div>\n<\/div>\n<p>[\/vc_column_text]\t\r\n\t<div class=\"lc_vc_swp_section_title text_center\">\r\n\t\t\t\r\n\t\t\t<h2 class=\"swp_section_title\">Le <span class=\"lc_vibrant_color\">Programme<\/span><\/h2>\r\n\t\t\t\r\n\r\n\t\t\t\r\n\t\t\t<h4 class=\"section_subtitle\">Demandez le programme !<\/h4>\r\n\t\t\t\r\n\t<\/div>\r\n\t\r\n\t[\/vc_column][\/vc_row][vc_row][vc_column][mvc_timeline_father][mvc_timeline_son maintitle=\u00a0\u00bbSpectacle d\u2019ouverture\u00a0\u00bb titlealign=\u00a0\u00bbright\u00a0\u00bb date=\u00a0\u00bbMercredi 17 mai \u00e0 20h30 &#8211; Salle Pierre Lamy\u00a0\u00bb clr=\u00a0\u00bb#b29d15&Prime; bgclr=\u00a0\u00bb#b29d15&Prime; titleclr=\u00a0\u00bb#b29d15&Prime; image_id=\u00a0\u00bb6232&Prime;]Interpr\u00e9t\u00e9 par Les Escholiers ( grands et petits )<br \/>\nSuivi par le verre de l\u2019amiti\u00e9 (offert \u00e0 tous).<br \/>\nUne ouverture conviviale et joyeuse pour vous donner envie de rester trois jours avec nous !<\/p>\n<p>&nbsp;<\/p>\n<p><em>Texte Pierre Launay, Mise en sc\u00e8ne Florence Delorme<\/em>[\/mvc_timeline_son][mvc_timeline_son maintitle=\u00a0\u00bbBlaise ou Basile\u00a0\u00bb titlealign=\u00a0\u00bbright\u00a0\u00bb date=\u00a0\u00bbJeudi 18 mai \u00e0 11 h &#8211; Salle Pierre Lamy\u00a0\u00bb bgclr=\u00a0\u00bb#232323&Prime; image_id=\u00a0\u00bb6204&Prime;]Une entreprise, dans un bureau ou un couloir, devant une machine \u00e0 caf\u00e9 ou dans un ascenseur.<br \/>\nLes acteurs de cette petite fourmili\u00e8re viennent t\u00e9moigner d\u2019un fait divers, d\u2019une inqui\u00e9tude, d\u2019une petite ou d\u2019une grande joie ou encore d\u2019une \u00e9volution majeure dans leur carri\u00e8re.<br \/>\nCes tranches de vie active, d\u00e9peintes avec humour par de nombreux personnages, se veulent sans concession sur le monde du travail et son insidieuse violence.<\/p>\n<p><em>Auteur : Muriel Renard<\/em><br \/>\n<em>Compagnie : Balladou<\/em><br \/>\n<em>Date et heure : Jeudi 18 mai \u00e0 11 h<\/em><br \/>\n<em>Lieu : Salle Pierre Lamy<\/em><br \/>\n<em>Dur\u00e9e de la pi\u00e8ce : 1h15<\/em><br \/>\n<em>Genre : Com\u00e9die dramatique<\/em><br \/>\n<em>Quel public, \u00e0 partir de quel \u00e2ge :10 ans<\/em><br \/>\n<em>Com\u00e9diens : Bernard BERNU, Sylvain CARDINAUD, Val\u00e9rie POTEL, Muriel RENARD, Emmanuel RENARD<\/em><br \/>\n<em>Metteur en Sc\u00e8ne : Mise en sc\u00e8ne collective<\/em><br \/>\n<em>Technique : Ad\u00e8le RENARD<\/em>[\/mvc_timeline_son][mvc_timeline_son maintitle=\u00a0\u00bbC\u00e9lim\u00e8ne et le Cardinal\u00a0\u00bb titlealign=\u00a0\u00bbright\u00a0\u00bb date=\u00a0\u00bbJeudi 18 mai \u00e0 14 h 30 &#8211; Th\u00e9\u00e2tre de l\u2019Echange\u00a0\u00bb clr=\u00a0\u00bb#d15254&Prime; bgclr=\u00a0\u00bb#d15254&Prime; image_id=\u00a0\u00bb6205&Prime; titleclr=\u00a0\u00bb#d15254&Prime;]La suite, vingt ans plus tard, du Misanthrope de Moli\u00e8re imagin\u00e9e par Jacques Rampal.<br \/>\nVingt ann\u00e9es apr\u00e8s leur rupture, Alceste devenu Cardinal rend visite \u00e0 son ancienne amante. Une tr\u00e8s belle joute oratoire entre un pr\u00e9lat ancr\u00e9 dans son \u00e9poque et une C\u00e9lim\u00e8ne aux id\u00e9es modernes et progressistes. Oscillant entre duel et duo, cette confrontation, souvent tr\u00e8s cocasse, mais aussi \u00e9mouvante, vous fera passer par toutes les \u00e9motions.<br \/>\nCette pi\u00e8ce est un petit bijou de malice et de satire que Moli\u00e8re n\u2019aurait sans doute pas reni\u00e9. \u00c9crite en alexandrin, le verbe n\u2019en est pas moins contemporain, et les sujets trait\u00e9s, d\u2019une br\u00fblante actualit\u00e9. Une pi\u00e8ce r\u00e9solument moderne au cachet d\u2019un grand classique.<\/p>\n<p>&nbsp;<\/p>\n<p><em>Auteur : Jacques Rampal<br \/>\nCompagnie : Th\u00e9\u00e2tre Court Bouillon<br \/>\nDate et heure : Jeudi 18 mai \u00e0 14 h 30<br \/>\nLieu : Th\u00e9\u00e2tre de l\u2019Echange<br \/>\nDur\u00e9e de la pi\u00e8ce : 1H15<br \/>\nGenre : Com\u00e9die dramatique<br \/>\nQuel public, \u00e0 partir de quel \u00e2ge : Tout public<br \/>\nCom\u00e9diens : Myriam D\u00e9sigaux, Michel Dupaquier<br \/>\nMetteur en Sc\u00e8ne : Michel Dupaquier<br \/>\nTechnique : Christian Decherf (conduite r\u00e9gie durant spectacle), Michel Dupaquier (r\u00e9f\u00e9rent technique Cie)<\/em>[\/mvc_timeline_son][mvc_timeline_son maintitle=\u00a0\u00bbPlus loin que loin\u00a0\u00bb titlealign=\u00a0\u00bbright\u00a0\u00bb date=\u00a0\u00bbJeudi 18 mai \u00e0 16 h 30 &#8211; Salle Pierre Lamy\u00a0\u00bb image_id=\u00a0\u00bb6216&Prime; bgclr=\u00a0\u00bb#000000&Prime;]Une poign\u00e9e d\u2019hommes et de femmes vivent, perdus au milieu de l\u2019oc\u00e9an, sur une \u00eele volcanique d\u00e9pendant de la Couronne britannique. Leur vie rude et simple est rythm\u00e9e par l\u2019arriv\u00e9e du bateau qui accoste tous les six mois pour les ravitailler et leur permettre de survivre. Cette fois, le bateau ram\u00e8ne Francis. Et avec lui, le progr\u00e8s : un industriel d\u00e9sireux d\u2019y installer une conserverie.<br \/>\nLorsqu\u2019une \u00e9ruption volcanique menace, la population est \u00e9vacu\u00e9e en urgence en Angleterre. C&rsquo;est un choc. Les iliens devront, malgr\u00e9 eux, affronter le \u00ab monde du Dhors \u00bb et l\u00e0, ce sont tous leurs rep\u00e8res qui vont voler en \u00e9clats. Et tandis que tous vivent dans l\u2019espoir de regagner un jour leur terre, toute l\u2019histoire de l\u2019\u00eele va se raconter, jusqu\u2019\u00e0 l\u2019indicible.<\/p>\n<p><em>Auteur : Zinnie Harris.<br \/>\nAdaptation de Dominique Hollier et Blandine Pelissier<br \/>\nCompagnie : Les Baladins de Marly<br \/>\nDate et heure : Jeudi 18 mai \u00e0 16 h 30<br \/>\nLieu : Salle Pierre Lamy<br \/>\nDur\u00e9e de la pi\u00e8ce : 1h45<br \/>\nGenre : Drame<br \/>\nQuel public, \u00e0 partir de quel \u00e2ge : Tout public \u00e0 partir de 12 ans<br \/>\nCom\u00e9diens : Claire MESPL\u00c9, Erwan LE BOURVA, Fran\u00e7ois JOLLIVET, Laurent CAUTRU, Karine GIRAULT<br \/>\nMetteur en Sc\u00e8ne : Laurent CAUTRU<br \/>\nTechnique : \u00c9clairages : Pierre GAREL<br \/>\nSon : Richard BOUDET<\/em>[\/mvc_timeline_son][mvc_timeline_son maintitle=\u00a0\u00bbEnsemble et S\u00e9par\u00e9ment\u00a0\u00bb titlealign=\u00a0\u00bbright\u00a0\u00bb date=\u00a0\u00bbJeudi 18 mai \u00e0 18 h 30 &#8211; Th\u00e9\u00e2tre de l\u2019Echange\u00a0\u00bb clr=\u00a0\u00bb#d15254&Prime; bgclr=\u00a0\u00bb#d15254&Prime; titleclr=\u00a0\u00bb#d15254&Prime; image_id=\u00a0\u00bb6208&Prime;]Un matin de janvier, Jean-Jacques Provins, un \u00e9diteur renomm\u00e9, a le sentiment d&rsquo;avoir rendez-vous avec l&rsquo;avenir&#8230;<br \/>\nAlors qu&rsquo;il attend avec impatience un jeune \u00e9crivain prometteur, Dominique Carentan, c&rsquo;est une femme de 70 ans qui se pr\u00e9sente chez lui. Qui est-elle ? Pourquoi se montre-t-elle si curieuse de sa vie priv\u00e9e ? A-t-il conscience que cette rencontre inattendue pourrait bouleverser sa vie ?<\/p>\n<p><em>Auteur : Fran\u00e7oise Dorin<br \/>\nCompagnie : Clair de sc\u00e8ne<br \/>\nDate et heure : Jeudi 18 mai \u00e0 18 h 30<br \/>\nLieu : Th\u00e9\u00e2tre de l\u2019Echange<br \/>\nDur\u00e9e de la pi\u00e8ce : 1h 20<br \/>\nGenre : Com\u00e9die<br \/>\nQuel public, \u00e0 partir de quel \u00e2ge : Tout Public<br \/>\nCom\u00e9diens : Claire MERCIER, Andr\u00e9 RUIZ<br \/>\nMetteur en Sc\u00e8ne : Andr\u00e9 RUIZ, Claire MERCIER<br \/>\nTechnique : Philippe LAGARDE<\/em>[\/mvc_timeline_son][mvc_timeline_son maintitle=\u00a0\u00bbLe repas des fauves\u00a0\u00bb titlealign=\u00a0\u00bbright\u00a0\u00bb date=\u00a0\u00bbJeudi 18 mai \u00e0 21 h &#8211; Salle Pierre Lamy\u00a0\u00bb clr=\u00a0\u00bb#000000&Prime; bgclr=\u00a0\u00bb#000000&Prime; titleclr=\u00a0\u00bb#000000&Prime; image_id=\u00a0\u00bb6213&Prime;]Une banlieue parisienne en 1942. Dans la France occup\u00e9e, sept amis se retrouvent pour f\u00eater l\u2019anniversaire de leur h\u00f4te. Un \u00e9v\u00e8nement ext\u00e9rieur va perturber totalement le d\u00e9roulement de leur soir\u00e9e\u2026 Entre rire et g\u00eanes, un huis-clos mettant en sc\u00e8ne un affrontement entre les convives o\u00f9 les personnalit\u00e9s se r\u00e9v\u00e8lent et les v\u00e9rit\u00e9s explosent \u00e0 la face de chacun. Au lieu d\u2019unir leurs forces et faire face \u00e0 leur destin\u00e9e, ils vont se combattre entre eux tels des fauves sautant sur leur proie jusqu\u2019\u00e0 presque s\u2019entretuer pour sauver sa petite personne. Le Repas des Fauves peut commencer! Et vous ? Qu\u2019auriez-vous fait \u00e0 leur place ?<\/p>\n<p>&nbsp;<\/p>\n<p><em>Auteur : Vah\u00e9 Katcha<br \/>\nCompagnie : Th\u00e9\u00e2tre Russa Lux<br \/>\nDate et heure : Jeudi 18 mai \u00e0 21 h<br \/>\nLieu : Salle Pierre Lamy<br \/>\nDur\u00e9e de la pi\u00e8ce : 1h30<br \/>\nGenre : Th\u00e9\u00e2tre contemporain ou com\u00e9die dramatique<br \/>\nQuel public, \u00e0 partir de quel \u00e2ge : Tout public<br \/>\nCom\u00e9diens : Fran\u00e7oise Delattre, S\u00e9bastien Vanni, Fran\u00e7ois Aude, Lysiane Mosca, Colette Yernaux, Alain Boselli, Michel Castaner, Antoine Provost-Grellier<br \/>\nMetteur en Sc\u00e8ne : S\u00e9bastien Vanni<br \/>\nTechnique : Denis Devadder<\/em>[\/mvc_timeline_son][mvc_timeline_son maintitle=\u00a0\u00bb\u00catre Humain\u00a0\u00bb titlealign=\u00a0\u00bbright\u00a0\u00bb date=\u00a0\u00bbVendredi 19 mai \u00e0 11 h &#8211; Salle Pierre Lamy\u00a0\u00bb clr=\u00a0\u00bb#000000&Prime; bgclr=\u00a0\u00bb#000000&Prime; titleclr=\u00a0\u00bb#000000&Prime; image_id=\u00a0\u00bb6209&Prime;]Un homme entre dans une salle de classe d\u2019\u00e9cole maternelle. Ceintur\u00e9 d\u2019explosifs, il noue des rapports \u00e0 la fois tendus et tendres avec l\u2019institutrice et les enfants qui l\u2019ont nomm\u00e9 \u00ab Monsieur Cagoule \u00bb. Autour de ce r\u00e9cit s\u2019entrecroisent les voix de sa s\u0153ur, de l\u2019institutrice, du n\u00e9gociateur et de \u00ab sa taupe \u00bb. \u00catre humain nous donne \u00e0 entendre une voix int\u00e9rieure qui se d\u00e9multiplie en personnages pour reconstituer un \u00e9v\u00e9nement pass\u00e9. Nous sommes \u00e0 la fois dans le drame et au-del\u00e0 du drame. Avec une langue surprenante l\u2019auteur nous livre des paroles violentes et pudiques qui laissent entrevoir ce que pense le personnage en m\u00eame temps qu\u2019il d\u00e9voile son r\u00e9cit. Ainsi se tissent et se m\u00ealent des sc\u00e8nes v\u00e9cues, r\u00eav\u00e9es, r\u00e9invent\u00e9es et m\u00eame des flash-back comme un jeu permanent. Un jeu d\u2019enfant l\u00e9ger et grave o\u00f9 le th\u00e9\u00e2tre se d\u00e9ploie dans sa plus grande simplicit\u00e9 sans jamais l\u00e2cher la tension du drame.<\/p>\n<p><em>Auteur : Emmanuel Darley<br \/>\nNom de la Compagnie : Les Passeurs de Jeu<br \/>\nDate et heure : Vendredi 19 mai \u00e0 11 h<br \/>\nLieu : Salle Pierre Lamy<br \/>\nDur\u00e9e de la pi\u00e8ce : 1h25<br \/>\nGenre : Drame<br \/>\nQuel public, \u00e0 partir de quel \u00e2ge : 12 ans<br \/>\nCom\u00e9diens : Catherine Colas, Eric Beauvillain, Guillaume Bergeret, Laurence Dubus, Marilyne Colombo<br \/>\nMetteur en Sc\u00e8ne : Corinne Tissier<br \/>\nTechnique : Yanis Bergheul<\/em>[\/mvc_timeline_son][mvc_timeline_son maintitle=\u00a0\u00bbLa Nostalgie des Blattes\u00a0\u00bb titlealign=\u00a0\u00bbright\u00a0\u00bb date=\u00a0\u00bbVendredi 19 mai \u00e0 14 h 30 &#8211; Th\u00e9\u00e2tre de l\u2019Echange\u00a0\u00bb clr=\u00a0\u00bb#d15254&Prime; bgclr=\u00a0\u00bb#d15254&Prime; titleclr=\u00a0\u00bb#d15254&Prime; image_id=\u00a0\u00bb6210&Prime;]Com\u00e9die \u00e0 la fois f\u00e9roce, caustique et dr\u00f4le qui nous entra\u00eene vers cet avenir plus ou moins proche, o\u00f9 il devient difficile de vivre ensemble et qui r\u00e9v\u00e8le le tragique d\u2019une soci\u00e9t\u00e9 aseptis\u00e9e, si propre et si parfaite, qui se d\u00e9barrasse de ses vieux et les traite comme des sp\u00e9cimens de zoo.<br \/>\nDeux septuag\u00e9naires sont assises c\u00f4te \u00e0 c\u00f4te dans une sorte de mus\u00e9e o\u00f9 tout est lisse, sous la surveillance de drones, \u00e0 la merci d\u2019une brigade sanitaire.<br \/>\nSurvivantes d\u2019un monde id\u00e9alis\u00e9 avec ses \u00eatres botox\u00e9s, elles exhibent leur vraie nature, sans bistouri ni collag\u00e8ne, elles s\u2019exposent et attendent un client, un passant.<br \/>\nContraintes \u00e0 cette promiscuit\u00e9, elles se testent, s\u2019opposent, se jugent, se battent, s\u2019apprivoisent au souvenir de ce qu\u2019elles ont connu et qui n\u2019est plus, pour s\u2019affronter \u00e0 nouveau au moindre \u00e9cart de l\u2019autre dans l\u2019attente d\u2019un monde meilleur\u2026..peut-\u00eatre\u2026<\/p>\n<p>&nbsp;<\/p>\n<p><em>Auteur : Pierre NOTTE<br \/>\nCompagnie : La Cie Accordage<br \/>\nDate et heure : Vendredi 19 mai \u00e0 14 h 30<br \/>\nLieu : Th\u00e9\u00e2tre de l\u2019Echange<br \/>\nDur\u00e9e de la pi\u00e8ce : 70 min<br \/>\nGenre : Com\u00e9die f\u00e9roce<br \/>\nQuel public, \u00e0 partir de quel \u00e2ge : 12 ans<br \/>\nCom\u00e9diens : Martine PALEM, Mich\u00e8le LEVEQUE<br \/>\nMetteur en Sc\u00e8ne : Thierry PALEM<br \/>\nTechnique : Marc LEVEQUE<\/em>[\/mvc_timeline_son][mvc_timeline_son maintitle=\u00a0\u00bbLes serviteurs\u00a0\u00bb titlealign=\u00a0\u00bbright\u00a0\u00bb date=\u00a0\u00bbVendredi 19 mai \u00e0 16 h 30 &#8211; Salle Pierre Lamy\u00a0\u00bb clr=\u00a0\u00bb#000000&Prime; bgclr=\u00a0\u00bb#000000&Prime; titleclr=\u00a0\u00bb#000000&Prime; image_id=\u00a0\u00bb6215&Prime;]A l&rsquo;\u00e9tage, Monsieur et Madame ont peut-\u00eatre disparu, mais les Serviteurs en bas, au sous-sol, assurent leur service et leur fonction&#8230;<br \/>\nCes serviteurs nous montrent un groupe social qui n&rsquo;est pas uni que par l&rsquo;organisation du travail, qui informe totalement l&rsquo;existence de chacun de ses membres : le v\u00e9ritable lien entre les serviteurs r\u00e9side pr\u00e9cis\u00e9ment dans la disparition, r\u00e9elle ou pr\u00e9sum\u00e9e, des ma\u00eetres. La peur et l&rsquo;impossibilit\u00e9 de se d\u00e9finir par rapport \u00e0 une absence g\u00e9n\u00e8rent le partage d&rsquo;un avenir, d\u00e9j\u00e0 pass\u00e9, et qui se met en sc\u00e8ne \u00e0 plusieurs reprises, comme un rite exorciste. \u00ab Il eut fallu \u00e9gorger madame avec d\u00e9lectation&#8230; \u00bb. Entre Genet et Ionesco un r\u00e9cit polyphonique qui d\u00e9range par sa modernit\u00e9.<\/p>\n<p>&nbsp;<\/p>\n<p><em>Auteur : Jean-Luc Lagarce<br \/>\nCompagnie : Tripiti th\u00e9\u00e2tre<br \/>\nDate et heure : Vendredi 19 mai \u00e0 16 h 30<br \/>\nLieu : Salle Pierre Lamy<br \/>\nDur\u00e9e de la pi\u00e8ce : 1h20<br \/>\nGenre : Com\u00e9die dramatique<br \/>\nQuel public, \u00e0 partir de quel \u00e2ge : Tout public<br \/>\nCom\u00e9diens : Yannick Azou-Gros, Cl\u00e9ment Durochat, S\u00e9bastien Dementin, Laure Journet, Val\u00e9rie Prima, Florence Vincent<br \/>\nMetteur en Sc\u00e8ne : Raymond Vinciguerra<\/em>[\/mvc_timeline_son][mvc_timeline_son maintitle=\u00a0\u00bbLe Chat\u00a0\u00bb titlealign=\u00a0\u00bbright\u00a0\u00bb date=\u00a0\u00bbVendredi 19 mai \u00e0 18 h 30 &#8211; Th\u00e9\u00e2tre de l\u2019Echange\u00a0\u00bb clr=\u00a0\u00bb#d15254&Prime; bgclr=\u00a0\u00bb#d15254&Prime; titleclr=\u00a0\u00bb#d15254&Prime; image_id=\u00a0\u00bb6212&Prime;]\u00c9mile est un ancien ouvrier au naturel bourru. Marguerite, \u00e0 l&rsquo;oppos\u00e9, est une femme de bonne \u00e9ducation, sournoise et \u00e9go\u00efste. Ils \u00e9taient voisins lorsqu&rsquo;ils se sont rencontr\u00e9s par hasard.<br \/>\nIls se sont mari\u00e9s sur leurs vieux jours, peut-\u00eatre par peur de la solitude et de la vieillesse. On assiste \u00e0 la lente instauration de deux existences parall\u00e8les o\u00f9 les adversaires s&rsquo;\u00e9vitent et s&rsquo;\u00e9pient. C\u2019est l&rsquo;enfer qui commence&#8230;<\/p>\n<p>&nbsp;<\/p>\n<p><em>Auteur : Georges Simenon<br \/>\nCompagnie : Prom\u00e9th\u00e9a<br \/>\nDate et heure : Vendredi 19 mai \u00e0 18 h 30<br \/>\nLieu : Th\u00e9\u00e2tre de l\u2019Echange<br \/>\nDur\u00e9e de la pi\u00e8ce : 1h05<br \/>\nGenre : COM\u00c9DIE DRAMATIQUE<br \/>\nQuel public, \u00e0 partir de quel \u00e2ge : TOUT PUBLIC<br \/>\nCom\u00e9diens : DANIELLE DI SANDRO, DIDIER BEAUMONT<br \/>\nMetteur en Sc\u00e8ne : ALAIN ILLEL<br \/>\nTechnique : ANNIE JOUASSET <\/em><\/p>\n<p>&nbsp;[\/mvc_timeline_son][mvc_timeline_son maintitle=\u00a0\u00bbDu c\u0153ur EHPAD m\u00e9moire\u00a0\u00bb titlealign=\u00a0\u00bbright\u00a0\u00bb date=\u00a0\u00bbVendredi 19 mai \u00e0 21 h &#8211; Salle Pierre Lamy\u00a0\u00bb clr=\u00a0\u00bb#000000&Prime; bgclr=\u00a0\u00bb#000000&Prime; titleclr=\u00a0\u00bb#000000&Prime; image_id=\u00a0\u00bb6207&Prime;]C\u2019est une com\u00e9die\u2026 dans un EHPAD ! Cela peut sembler antinomique et pourtant\u2026 Ces r\u00e9sidents-l\u00e0 sauront vous faire rire et vous \u00e9mouvoir.<br \/>\nLes effets du vieillissement et de la maladie peuvent donner lieu \u00e0 des situations cocasses. Les r\u00e9sidents de cet \u00e9tablissement se c\u00f4toient et tissent des liens particuliers entre eux et avec les encadrants. Ils sont touchants et dr\u00f4les dans leur s\u00e9nescence.<br \/>\nEt si une histoire d\u2019amour venait \u00e0 na\u00eetre ou \u00e0 rena\u00eetre malgr\u00e9 l\u2019\u00e2ge avanc\u00e9 des protagonistes\u2026<br \/>\nEt si finalement, cette pi\u00e8ce \u00e9tait un questionnement sur ce qu\u2019est, ou a \u00e9t\u00e9, ou aurait pu \u00eatre le lien de filiation\u2026<br \/>\nC\u2019est une com\u00e9die enjou\u00e9e qui donne lieu \u00e0 rire et \u00e0 s\u2019\u00e9mouvoir en toute bienveillance.<\/p>\n<p>&nbsp;<\/p>\n<p><em>Auteur : Sylvie Cens<br \/>\nCompagnie : L\u00e9ZardiZensc\u00e8ne<br \/>\nDate et heure : Vendredi 19 mai \u00e0 21 h<br \/>\nLieu : Salle Pierre Lamy<br \/>\nDur\u00e9e de la pi\u00e8ce : 1h30<br \/>\nGenre : Com\u00e9die<br \/>\nQuel public, \u00e0 partir de quel \u00e2ge : Tout public \u00e0 partir de 8 ans<br \/>\nCom\u00e9diens : Joss ACEVAL, Sylvie BLUA, Sylvie CENS, Odile DUJARDIN, Th\u00e9r\u00e8se GACHET-MAUROZ, Annick LEON, Gildas MERIAN, Denis N\u00d6SPERGER<br \/>\nMetteur en Sc\u00e8ne : Sylvie CENS<br \/>\nTechnique : Fr\u00e9d\u00e9ric BARBE<\/em>[\/mvc_timeline_son][mvc_timeline_son maintitle=\u00a0\u00bbLe vent des peupliers\u00a0\u00bb titlealign=\u00a0\u00bbright\u00a0\u00bb date=\u00a0\u00bbSamedi 20 mai \u00e0 11 h &#8211; Salle Pierre Lamy\u00a0\u00bb clr=\u00a0\u00bb#000000&Prime; bgclr=\u00a0\u00bb#000000&Prime; titleclr=\u00a0\u00bb#000000&Prime; image_id=\u00a0\u00bb6214&Prime;]Trois anciens combattants de la grande guerre se retrouvent chaque jour sur la petite terrasse \u00e0 l\u2019arri\u00e8re de l\u2019hospice<br \/>\nIl y a Gustave, officier bien n\u00e9, coquet mais grincheux, Fernand, colonel lest\u00e9 d\u2019un \u00e9clat d\u2019obus dans le cr\u00e2ne et Ren\u00e9 p\u00e9tri de bon sens et prompt \u00e0 l\u2019enthousiasme malgr\u00e9 sa patte folle.<br \/>\nAussi dissemblables qu\u2019ins\u00e9parables, ils \u00e9voquent leur pass\u00e9 comme leur pr\u00e9sent, se chamaillent avec humour et malice et afin d\u2019\u00e9chapper \u00e0 l\u2019ennui chacun r\u00eave d\u2019un ailleurs possible.<\/p>\n<p>&nbsp;<\/p>\n<p><em>Auteur : G\u00e9rald Sibleyras<br \/>\nCompagnie : Le CRIII<br \/>\nDate et heure : Samedi 20 mai \u00e0 11 h<br \/>\nLieu : Salle Pierre Lamy<br \/>\nDur\u00e9e de la pi\u00e8ce : 1h30<br \/>\nGenre : com\u00e9die<br \/>\nQuel public, \u00e0 partir de quel \u00e2ge : A partir de 10ans<br \/>\nCom\u00e9diens : Sarradin Pierre, Stefanov Pierre, Fleischmann Gilles<br \/>\nMetteur en Sc\u00e8ne : Planche Anne<br \/>\nTechnique : Laillet Patrick.<\/em>[\/mvc_timeline_son][mvc_timeline_son maintitle=\u00a0\u00bbL&rsquo;autorisation\u00a0\u00bb titlealign=\u00a0\u00bbright\u00a0\u00bb date=\u00a0\u00bbSamedi 20 mai \u00e0 14 h 30 &#8211; Th\u00e9\u00e2tre de l\u2019Echange\u00a0\u00bb clr=\u00a0\u00bb#d15254&Prime; bgclr=\u00a0\u00bb#d15254&Prime; titleclr=\u00a0\u00bb#d15254&Prime; image_id=\u00a0\u00bb6211&Prime;]Quelque part en Russie, \u00e0 la fin du XIX\u00e8me si\u00e8cle (1896), une femme demande l&rsquo;autorisation de quitter le pays pour la Pologne, o\u00f9 elle d\u00e9sire retrouver sa s\u0153ur. Elle effectue sa demande dans les r\u00e8gles, mais l&rsquo;indispensable passeport tarde \u00e0 lui \u00eatre d\u00e9livr\u00e9. Simples difficult\u00e9s administratives ? N\u00e9gligence de fonctionnaires insouciants ? Raison d\u2019\u00c9tat ? Toutes les hypoth\u00e8ses sont permises, y compris celles qui font que dans un \u00ab\u00a0\u00e9tat de droit\u00a0\u00bb, le destin de chacun semble avant tout soumis aux lois du hasard&#8230;<\/p>\n<p>&nbsp;<\/p>\n<p><em>Auteur : Pierre Bourgeade<br \/>\nNom de la Compagnie : G.A.R.D.<br \/>\nDate et heure : Samedi 20 mai \u00e0 14 h 30<br \/>\nLieu : Th\u00e9\u00e2tre de l\u2019Echange<br \/>\nDur\u00e9e de la pi\u00e8ce : 1h10<br \/>\nGenre : Com\u00e9die sociale<br \/>\nQuel public, \u00e0 partir de quel \u00e2ge : Tout public \u00e0 partir de 15 ans<br \/>\nCom\u00e9diens : Fabienne Garraud, Jean-Claude Villette<br \/>\nMetteur en Sc\u00e8ne : Jean-Claude Villette<br \/>\nTechnique : Philippe Landois<\/em>[\/mvc_timeline_son][mvc_timeline_son maintitle=\u00a0\u00bbLes B\u00e2tisseurs d&#8217;empire ou Le Schm\u00fcrz\u00a0\u00bb titlealign=\u00a0\u00bbright\u00a0\u00bb date=\u00a0\u00bbSamedi 20 mai \u00e0 16 h 30 &#8211; Salle Pierre Lamy\u00a0\u00bb clr=\u00a0\u00bb#000000&Prime; bgclr=\u00a0\u00bb#000000&Prime; image_id=\u00a0\u00bb6203&Prime;]Papa, maman, leur petite Z\u00e9nobie, la bonne. Un petit appartement avec bibelots et buffet Henri II. Cela ne promet gu\u00e8re l\u2019aventure. Seulement voil\u00e0, il y a le schm\u00fcrz&#8230; C\u2019est un homme qui vit avec eux, assis dans un coin. Son r\u00f4le ? Recevoir des coups en silence. Papa et maman s\u2019en donnent \u00e0 c\u0153ur joie ; la bonne frappe de temps en temps, un peu \u00e0 contre-c\u0153ur. Z\u00e9nobie s\u2019y refuse, elle cherche \u00e0 entrer en contact avec lui mais rien \u00e0 faire. Il y a aussi le Bruit : la rumeur qui, de temps \u00e0 autre, monte dans l\u2019escalier. Aussit\u00f4t, la famille effray\u00e9e d\u00e9m\u00e9nage \u00e0 l\u2019\u00e9tage au dessus. Mais l\u2019appartement est toujours plus petit. Jusqu\u2019o\u00f9 cela ira-t-il ?<\/p>\n<p>&nbsp;<\/p>\n<p><em>Auteur : Boris Vian<br \/>\nCompagnie : Th\u00e9\u00e2tre sans gage<br \/>\nDate et heure : Samedi 20 mai \u00e0 16 h 30<br \/>\nLieu : Salle Pierre Lamy<br \/>\nDur\u00e9e de la pi\u00e8ce : 1h30<br \/>\nGenre : tragi-com\u00e9die<br \/>\nQuel public, \u00e0 partir de quel \u00e2ge : 12 ans<br \/>\nCom\u00e9diens : Christiane Beucler, Catherine Friche, C\u00e9line Guerne, Yves-Anne Queloz, Christian Schaller, Jayane Wermeille<br \/>\nMetteur en Sc\u00e8ne : Andr\u00e9 Schaffter &amp; Branch Worsham<br \/>\nTechnique : Julien Froidevaux<\/em>[\/mvc_timeline_son][mvc_timeline_son maintitle=\u00a0\u00bbDis \u00e0 ma fille que je pars en voyage\u00a0\u00bb titlealign=\u00a0\u00bbright\u00a0\u00bb date=\u00a0\u00bbSamedi 20 mai \u00e0 18 h 30 &#8211; Th\u00e9\u00e2tre de l\u2019Echange\u00a0\u00bb clr=\u00a0\u00bb#d15254&Prime; bgclr=\u00a0\u00bb#d15254&Prime; titleclr=\u00a0\u00bb#d15254&Prime; image_id=\u00a0\u00bb6206&Prime;]Deux femmes, Dominique et Caroline partagent la m\u00eame cellule. Deux femmes qui ne se seraient jamais rencontr\u00e9es autrement. Leurs rapports passeront de l\u2019indiff\u00e9rence \u00e0 la violence pour finir par une amiti\u00e9 profonde. Pas une amiti\u00e9 d\u00e9monstrative, mais une amiti\u00e9 faite de pudeur et de non-dits. Dans ce genre de lieu, on ne laisse pas facilement aller, ni \u00e0 parler de soi, ni \u00e0 \u00e9voquer ce qu\u2019on peut ressentir envers l\u2019autre.<\/p>\n<p>&nbsp;<\/p>\n<p><em>Auteur : Denise Chalem<br \/>\nCompagnie : I Have a dream<br \/>\nDate et heure : Samedi 20 mai \u00e0 18 h 30<br \/>\nLieu : Th\u00e9\u00e2tre de l\u2019Echange<br \/>\nDur\u00e9e de la pi\u00e8ce : 1h20<br \/>\nGenre : Drame<br \/>\nQuel public, \u00e0 partir de quel \u00e2ge : 12 ans<br \/>\nCom\u00e9diens : Alexandra MAGIN, Fr\u00e9d\u00e9rique SAYAGH<br \/>\nMetteur en Sc\u00e8ne : Olivier COURBIER<br \/>\nTechnique : Frida GIRE<\/em>[\/mvc_timeline_son][mvc_timeline_son maintitle=\u00a0\u00bbQue la noce commence\u00a0\u00bb titlealign=\u00a0\u00bbright\u00a0\u00bb date=\u00a0\u00bbSamedi 20 mai \u00e0 21 h &#8211; Salle Pierre Lamy\u00a0\u00bb clr=\u00a0\u00bb#000000&Prime; bgclr=\u00a0\u00bb#000000&Prime; titleclr=\u00a0\u00bb#000000&Prime; image_id=\u00a0\u00bb6217&Prime;]1953. Des villageois roumains r\u00e9calcitrants \u00e0 la Russie sovi\u00e9tique, frondeurs et insouciants, joueurs et buveurs, gamins toujours pr\u00eats au chahut s\u2019imposent avec humour et insolence, les seules armes qu\u2019ils poss\u00e8dent, \u00e0 la brutalit\u00e9 de l\u2019occupant.<br \/>\nLes personnages, r\u00e9duits au silence par l\u2019oppresseur, r\u00e9inventent un vocabulaire gestuel, farceur, silencieux et inventif ! Ce sont des gens du peuple, ces gens de \u00ab peu \u00bb, infiniment petits mais infiniment grands qui s\u2019imposent face \u00e0 l\u2019oppression omnipr\u00e9sente et invisible de l\u2019occupant et qui sont le th\u00e9\u00e2tre populaire tour \u00e0 tour tonitruant, farceur, silencieux et d\u2019une force vitale incroyable !<\/p>\n<p>&nbsp;<\/p>\n<p><em>Auteur : Didier Bezace<br \/>\nCompagnie :Nouveau Th\u00e9\u00e2tre de Fribourg<br \/>\nDate et heure : Samedi 20 mai \u00e0 21 h<br \/>\nLieu : Salle Pierre Lamy<br \/>\nDur\u00e9e de la pi\u00e8ce : 1h15<br \/>\nGenre : com\u00e9die dramatique<br \/>\nQuel public, \u00e0 partir de quel \u00e2ge : 14 ans<br \/>\nCom\u00e9diens : Beno\u00eet Dietrich, Beno\u00eet Perriard, Brigitte Hilber Miet, C\u00e9dric Castella, Chantal Buchs, Dany Walker, Jany Slucki, Jo\u00eblle Terrettaz, Matthieu Fragni\u00e8re, Micheline Grivel, Miquet Tinguely, Nelly Prod\u2019hom, Oskar Coursin, Philippe Cogn\u00e9, Olivera Jovicic, Xavier Pilloud, Yael Terrettaz<br \/>\nMetteur en Sc\u00e8ne : Nicole Michaud<br \/>\nTechnique : Jean-Paul Bernard, Anne-Marie Gremaud<\/em>[\/mvc_timeline_son][mvc_timeline_son maintitle=\u00a0\u00bbCl\u00f4ture du festival\u00a0\u00bb titlealign=\u00a0\u00bbright\u00a0\u00bb date=\u00a0\u00bbDimanche 21 mai \u00e0 10h &#8211; Salle Pierre Lamy\u00a0\u00bb clr=\u00a0\u00bb#b29d15&Prime; bgclr=\u00a0\u00bb#b29d15&Prime; image_id=\u00a0\u00bb2321&Prime; titleclr=\u00a0\u00bb#b29d15&Prime;]<strong>10h D\u00e9bat<\/strong><br \/>\nLe th\u00e9\u00e2tre face \u00e0 l\u2019actualit\u00e9<br \/>\nComment concilier les \u00e9v\u00e9nements importants et leurs repr\u00e9sentations th\u00e9\u00e2trales ?<br \/>\nanim\u00e9 par le parrain Raymond Vinciguerra<\/p>\n<p>&nbsp;<\/p>\n<p><strong>11h15 Remise des Prix<\/strong><br \/>\nPRIX JEUNES<br \/>\nd\u00e9cern\u00e9 par un jury d\u2019\u00e9l\u00e8ves du Lyc\u00e9e Baudelaire option<br \/>\nth\u00e9\u00e2tre et d\u2019une com\u00e9dienne des Petits Escholiers.<\/p>\n<p>PRIX DU PUBLIC<br \/>\nChaque spectateur est invit\u00e9 \u00e0 donner une note<br \/>\nau spectacle qu\u2019il vient de voir en utilisant son billet<br \/>\nd\u2019entr\u00e9e pr\u00e9vu \u00e0 cet effet, qu\u2019il d\u00e9posera dans l\u2019urne<br \/>\n\u00e0 la sortie du spectacle.<\/p>\n<p>PRIX COUP DE COEUR<\/p>\n<p>PRIX VILLE D\u2019ANNECY<br \/>\nR\u00e9compense de la meilleure mise en sc\u00e8ne<\/p>\n<p>PRIX CAMILLE MUGNIER<br \/>\nR\u00e9compense du meilleur spectacle[\/mvc_timeline_son][\/mvc_timeline_father][\/vc_column][\/vc_row][vc_row][vc_column][vc_btn title=\u00a0\u00bbT\u00e9l\u00e9charger le programme\u00a0\u00bb link=\u00a0\u00bburl:https%3A%2F%2Flesescholiers.fr%2Fsite%2Fwp-content%2Fuploads%2F2023%2F04%2FFestival_des_Escholiers_2023-Programme.pdf\u00a0\u00bb]\t\r\n\t<div class=\"lc_vc_swp_section_title text_center\">\r\n\t\t\t\r\n\t\t\t<h2 class=\"swp_section_title\">Les <span class=\"lc_vibrant_color\">lieux<\/span><\/h2>\r\n\t\t\t\r\n\r\n\t\t\t\r\n\t\t\t<h4 class=\"section_subtitle\">Mais c'est o\u00f9 \u00e0 Annecy ?<\/h4>\r\n\t\t\t\r\n\t<\/div>\r\n\t\r\n\t[vc_column_text]Salle Pierre Lamy \/ 12 Rue de la R\u00e9publique 74000 Annecy<br \/>\nTh\u00e9\u00e2tre de l&rsquo;Echange \/ 26 rue Sommeiller 74000 Annecy[\/vc_column_text][\/vc_column][\/vc_row][vc_row][vc_column][vc_column_text]<style type=\"text\/css\" id=\"umsMapStyles_1_23258\">\r\n    #ultimate_maps_1_23258 {\r\n        width: 100%;\r\n        height: 450px;\r\n                border: 0px solid ;\r\n        margin: 0px;\r\n    }\r\n    #mapsControlsNum_1_23258 {\r\n        width:100%    }\r\n    .umsMapDetailsContainer#umsMapDetailsContainer_1_23258 {\r\n        height:450px;\r\n    }\r\n    .ums_MapPreview#ultimate_maps_1_23258 {\r\n        \/*position:absolute;*\/\r\n        width:100%;\r\n    }\r\n    #mapConElem_1_23258{\r\n        width:100%    }\r\n    <\/style><div class=\"ums_map_opts\" id=\"mapConElem_1_23258\" data-id=\"1\" data-view-id=\"1_23258\" > <div class=\"umsMapDetailsContainer\" id=\"umsMapDetailsContainer_1_23258\"> <i class=\"umsKMLLayersPreloader fa fa-spinner fa-spin\" aria-hidden=\"true\" style=\"display: none;\"><\/i> <div class=\"ums_MapPreview \" id=\"ultimate_maps_1_23258\"><\/div> <\/div> <div class=\"umsMapMarkerFilters\" id=\"umsMapMarkerFilters_1_23258\"> <\/div> <div class=\"umsMapProControlsCon\" id=\"umsMapProControlsCon_1_23258\"> <a title=\"Google Maps Wordpress\" style=\"display:none;\" href=\"https:\/\/supsystic.com\/plugins\/google-maps-plugin\/?utm_medium=love_link_hide\" target=\"_blank\">Google Maps Wordpress<\/a><div style=\"clear: both;\"><\/div> <\/div> <div class=\"umsMapProDirectionsCon\" id=\"umsMapProDirectionsCon_1_23258\" > <\/div> <div class=\"umsMapProKmlFilterCon\" id=\"umsMapProKmlFilterCon_1_23258\" > <\/div> <div class=\"umsSocialSharingShell umsSocialSharingShell_1_23258\"> <\/div> <div style=\"clear: both;\"><\/div> <\/div>[\/vc_column_text]\t\r\n\t<div class=\"lc_vc_swp_section_title text_center\">\r\n\t\t\t\r\n\t\t\t<h2 class=\"swp_section_title\">La <span class=\"lc_vibrant_color\">billetterie<\/span><\/h2>\r\n\t\t\t\r\n\r\n\t\t\t\r\n\t\t\t<h4 class=\"section_subtitle\"><\/h4>\r\n\t\t\t\r\n\t<\/div>\r\n\t\r\n\t[vc_column_text]<strong>Vente des billets<\/strong><\/p>\n<p>Salle Pierre Lamy \u2013 12, rue de la R\u00e9publique \u2013 Annecy<\/p>\n<p>Dates et horaires :<br \/>\nMardi 16 mai et mercredi 17 mai : de 17 h \u00e0 20 h 30<br \/>\nJeudi 18, vendredi 19 et samedi 20 mai : de 10 h \u00e0 12 h 15 et de 13 h 30 \u00e0 21 h<\/p>\n<p>Paiement uniquement en esp\u00e8ces ou par ch\u00e8ques.<\/p>\n<p><strong>Tarifs<\/strong><\/p>\n<p>Tarif d\u00e9gressif : plus vous achetez de billets <strong>en m\u00eame temps (pour le m\u00eame spectacle ou un autre spectacle, pour vous ou une autre personne), <\/strong>plus les tarifs sont faibles.<br \/>\nTarif normal : 1er billet 12\u20ac, 2e billet 12\u20ac, 3e billet 12\u20ac, \u00e0 partir du 4e billet 8\u20ac<\/p>\n<p>Tarif r\u00e9duit (10-18 ans \/ \u00e9tudiant \/ FNCTA \/ demandeur d&#8217;emploi)\u00a0 : 8\u20ac<\/p>\n<p>Tarif festivalier : nous consulter<\/p>\n<p>Gratuit pour les -10 ans (attention tous les spectacles ne sont pas adapt\u00e9s au jeune public).<\/p>\n<p>Abonnement nominatif pour les 15 repr\u00e9sentations : 90 euros<\/p>\n<p>&nbsp;<\/p>\n<p><strong>Billetterie en ligne<\/strong><\/p>\n<p>A titre exp\u00e9rimental pour cette 14e \u00e9dition, vous pouvez commander vos billets en ligne pour nos spectacles se d\u00e9roulant \u00e0 11h \u00e0 la salle Pierre Lamy. Attention, vous ne pourrez pas b\u00e9n\u00e9ficier du tarif d\u00e9gressif pour ces achats en ligne.[\/vc_column_text][vc_raw_js]JTNDYSUyMHRpdGxlJTNEJTIyVmVudGUlMjBkZSUyMGJpbGxldHMlMjBlbiUyMGxpZ25lJTIyJTIwaHJlZiUzRCUyMmh0dHBzJTNBJTJGJTJGd3d3LmJpbGxldHdlYi5mciUyRm11bHRpX2V2ZW50LnBocCUzRm11bHRpJTNEMjgwNTElMjIlMjAlMjBjbGFzcyUzRCUyMnNob3BfZnJhbWUlMjIlMjAlMjB0YXJnZXQlM0QlMjJfYmxhbmslMjIlMjAlMjBkYXRhLXNyYyUzRCUyMmh0dHBzJTNBJTJGJTJGd3d3LmJpbGxldHdlYi5mciUyRm11bHRpX2V2ZW50LnBocCUzRm11bHRpJTNEMjgwNTElMjIlMjAlMjBkYXRhLW1heC13aWR0aCUzRCUyMjEwMCUyNSUyMiUyMCUyMGRhdGEtaW5pdGlhbC1oZWlnaHQlM0QlMjI2MDAlMjIlMjBkYXRhLXNjcm9sbGluZyUzRCUyMm5vJTIyJTIwJTIwZGF0YS1pZCUzRCUyMjI4MDUxJTIyJTIwJTIwZGF0YS1yZXNpemUlM0QlMjIxJTIyJTNFVmVudGUlMjBkZSUyMGJpbGxldHMlMjBlbiUyMGxpZ25lJTNDJTJGYSUzRSUzQ3NjcmlwdCUyMHR5cGUlM0QlMjJ0ZXh0JTJGamF2YXNjcmlwdCUyMiUyMHNyYyUzRCUyMmh0dHBzJTNBJTJGJTJGd3d3LmJpbGxldHdlYi5mciUyRmpzJTJGZXhwb3J0LmpzJTIyJTNFJTNDJTJGc2NyaXB0JTNF[\/vc_raw_js][\/vc_column][\/vc_row][vc_row][vc_column][\/vc_column][\/vc_row]<\/p>\n<\/div>","protected":false},"excerpt":{"rendered":"<p>[vc_row][vc_column parallax=\u00a0\u00bbcontent-moving\u00a0\u00bb][vc_single_image image=\u00a0\u00bb6218&Prime; img_size=\u00a0\u00bblarge\u00a0\u00bb][vc_column_text]Du 17 au 21 mai, la compagnie de th\u00e9\u00e2tre Les Escholiers ouvre ses portes en grand pour accueillir des troupes amateur venues de toute la France \u2013 et de Suisse voisine. Avec la 14\u00e8 \u00e9dition de son&#8230;<\/p>\n","protected":false},"author":1,"featured_media":0,"parent":303,"menu_order":0,"comment_status":"closed","ping_status":"closed","template":"","meta":{"_exactmetrics_skip_tracking":false,"_exactmetrics_sitenote_active":false,"_exactmetrics_sitenote_note":"","_exactmetrics_sitenote_category":0,"footnotes":""},"class_list":["post-6111","page","type-page","status-publish","hentry"],"_links":{"self":[{"href":"https:\/\/lesescholiers.fr\/site\/wp-json\/wp\/v2\/pages\/6111","targetHints":{"allow":["GET"]}}],"collection":[{"href":"https:\/\/lesescholiers.fr\/site\/wp-json\/wp\/v2\/pages"}],"about":[{"href":"https:\/\/lesescholiers.fr\/site\/wp-json\/wp\/v2\/types\/page"}],"author":[{"embeddable":true,"href":"https:\/\/lesescholiers.fr\/site\/wp-json\/wp\/v2\/users\/1"}],"replies":[{"embeddable":true,"href":"https:\/\/lesescholiers.fr\/site\/wp-json\/wp\/v2\/comments?post=6111"}],"version-history":[{"count":24,"href":"https:\/\/lesescholiers.fr\/site\/wp-json\/wp\/v2\/pages\/6111\/revisions"}],"predecessor-version":[{"id":6261,"href":"https:\/\/lesescholiers.fr\/site\/wp-json\/wp\/v2\/pages\/6111\/revisions\/6261"}],"up":[{"embeddable":true,"href":"https:\/\/lesescholiers.fr\/site\/wp-json\/wp\/v2\/pages\/303"}],"wp:attachment":[{"href":"https:\/\/lesescholiers.fr\/site\/wp-json\/wp\/v2\/media?parent=6111"}],"curies":[{"name":"wp","href":"https:\/\/api.w.org\/{rel}","templated":true}]}}