{"id":1412,"date":"2016-08-24T20:13:05","date_gmt":"2016-08-24T19:13:05","guid":{"rendered":"https:\/\/lesescholiers.fr\/site\/?page_id=1412"},"modified":"2017-08-06T10:55:09","modified_gmt":"2017-08-06T09:55:09","slug":"festival-2017","status":"publish","type":"page","link":"https:\/\/lesescholiers.fr\/site\/festival-2017\/","title":{"rendered":"Festival 2017"},"content":{"rendered":"<p><a href=\"https:\/\/lesescholiers.fr\/site\/wp-content\/uploads\/2016\/10\/Aff-Festival_2017.jpg\"><img fetchpriority=\"high\" decoding=\"async\" class=\"alignleft wp-image-1210 size-medium\" src=\"https:\/\/lesescholiers.fr\/site\/wp-content\/uploads\/2016\/10\/Aff-Festival_2017.jpg\" alt=\"9eme-Festival-Escholiers_2016\" width=\"212\" height=\"300\" \/><\/a><\/p>\n<h2>PALMAR\u00c8S 2017<\/h2>\n<p> Prix public<br \/>\nPotestad, Eduardo Pavlovsky<br \/>\nCompagnie TA 58<\/p>\n<p>Prix jeune<br \/>\nLe Premier, Isra\u00ebl Horovitz<br \/>\nTh\u00e9\u00e2tre du Torrent<\/p>\n<p>Prix coup de c\u0153ur<br \/>\nBurlingue, G\u00e9rard Levoyer<br \/>\nLes Femmes S&rsquo;inventent<\/p>\n<p>Prix ville d&rsquo;Annecy<br \/>\nLes r\u00e8gles du Savoir-Vivre, Jean-Luc Lagarce<br \/>\nCompagnie Clin d\u2019\u0153il<\/p>\n<p>Prix Camille Mugnier Ex \u00e6quo<br \/>\nElle, Marie Pierre Cattino<br \/>\nLa Troupalex<br \/>\nLe Premier, Isra\u00ebl Horovitz<br \/>\nTh\u00e9\u00e2tre du Torrent<\/p>\n<h2>10e \u00c9DITION<\/h2>\n<p>Les Escholiers ont \u00e9t\u00e9 heureux de partager avec vous leur 10\u00e8me Festival. Cette \u00e9dition, parrain\u00e9e par Claude BROZZONI, s&rsquo;est d\u00e9roul\u00e9e du 24 au 28 mai 2017 \u00e0 Annecy.<br \/>\nMerci \u00e0 tous les participants !<\/p>\n<h2>AU PROGRAMME<\/h2>\n<p><img decoding=\"async\" src=\"https:\/\/lesescholiers.fr\/site\/wp-content\/uploads\/2017\/04\/LesEscholiers_festival_flyerA6-2.jpg\" alt=\"LesEscholiers_10festival\" width=\"660\" height=\"990\" class=\"alignleft size-full wp-image-1885\" srcset=\"https:\/\/lesescholiers.fr\/site\/wp-content\/uploads\/2017\/04\/LesEscholiers_festival_flyerA6-2.jpg 787w, https:\/\/lesescholiers.fr\/site\/wp-content\/uploads\/2017\/04\/LesEscholiers_festival_flyerA6-2-200x300.jpg 200w, https:\/\/lesescholiers.fr\/site\/wp-content\/uploads\/2017\/04\/LesEscholiers_festival_flyerA6-2-768x1152.jpg 768w, https:\/\/lesescholiers.fr\/site\/wp-content\/uploads\/2017\/04\/LesEscholiers_festival_flyerA6-2-480x720.jpg 480w\" sizes=\"(max-width: 660px) 100vw, 660px\" \/><\/p>\n<p><img decoding=\"async\" src=\"https:\/\/lesescholiers.fr\/site\/wp-content\/uploads\/2017\/04\/LesEscholiers_festival_flyerA6-1.jpg\" alt=\"LesEscholiers_10festival\" width=\"660\" height=\"990\" class=\"alignleft size-full wp-image-1884\" srcset=\"https:\/\/lesescholiers.fr\/site\/wp-content\/uploads\/2017\/04\/LesEscholiers_festival_flyerA6-1.jpg 787w, https:\/\/lesescholiers.fr\/site\/wp-content\/uploads\/2017\/04\/LesEscholiers_festival_flyerA6-1-200x300.jpg 200w, https:\/\/lesescholiers.fr\/site\/wp-content\/uploads\/2017\/04\/LesEscholiers_festival_flyerA6-1-768x1152.jpg 768w, https:\/\/lesescholiers.fr\/site\/wp-content\/uploads\/2017\/04\/LesEscholiers_festival_flyerA6-1-480x720.jpg 480w\" sizes=\"(max-width: 660px) 100vw, 660px\" \/><\/p>\n<p>&nbsp;<\/p>\n<h4><a href=\"https:\/\/lesescholiers.fr\/site\/wp-content\/uploads\/2016\/08\/LesEscholiers_10festival_programme2017.pdf\">>>>T\u00e9l\u00e9charger le programme du 10e festival des Escholiers au format pdf<\/a><\/h4>\n<p>&nbsp;<\/p>\n<h2>LE PROGRAMME D\u00c9TAILL\u00c9<\/h2>\n<h3>Mercredi 24 mai &#8211; 20h &#8211; Bonlieu Sc\u00e8ne Nationale \u201cPetite Salle\u201d<br \/>\nIllusions Comiques D\u2019Olivier PY<br \/>\nTerminales L, Option Th\u00e9\u00e2tre, Lyc\u00e9e Baudelaire <\/h3>\n<p>Cette pi\u00e8ce, \u00e9crite par Olivier Py en 2006, met en sc\u00e8ne une troupe d\u2019acteurs et son metteur en sc\u00e8ne, figure fragile du dramaturge. Tous veulent donner leur vision du th\u00e9\u00e2tre ou d\u00e9noncer ce qui le d\u00e9nature. Tant\u00f4t ils jouent leur propre r\u00f4le d\u2019acteur, tant\u00f4t ils incarnent des personnages burlesques. L\u2019action commence avec la troupe au travail : mais on apprend que la pi\u00e8ce qu\u2019ils r\u00e9p\u00e8tent, hommage au Po\u00e8te Mort Trop T\u00f4t, vient d\u2019\u00eatre encens\u00e9e par la critique avant m\u00eame d\u2019avoir \u00e9t\u00e9 jou\u00e9e. Le metteur en sc\u00e8ne est alors port\u00e9 aux nues par les m\u00e9dias, la mode, le show business, la soci\u00e9t\u00e9 de consommation, les politiques. Voil\u00e0 m\u00eame qu\u2019\u00ab on se d\u00e9colle les oreilles \u00bb pour lui ressembler ! Puis, du jour au lendemain, ce m\u00eame metteur en sc\u00e8ne se voit abandonn\u00e9 par ses acteurs, tra\u00een\u00e9 dans la boue. Comment retrouver le chemin du v\u00e9ritable th\u00e9\u00e2tre ? Olivier Py s\u2019interroge sur la place de l\u2019art dans notre d\u00e9mocratie.<\/p>\n<h3>Jeudi 25 mai &#8211; 11h &#8211; Th\u00e9\u00e2tre de l\u2019Echange<br \/>\nLes Lapins sont Toujours en Retard D\u2019Ariane Mourier<br \/>\nOncion Th\u00e9\u00e2tre<\/h3>\n<p>Alice romantique et hypersensible, se confie \u00e0 son psychologue. Par flashback elle raconte sa vie et celle de sa s\u0153ur jumelle, qui se trouve \u00eatre son exact oppos\u00e9, une agente secret en cuir qui se coltine des cadavres ensanglant\u00e9s et collectionne les amants. Si la vie a un sens, elles n\u2019ont d\u00e9cid\u00e9ment pas choisi le m\u00eame. Une com\u00e9die moderne, po\u00e9tique et subversive o\u00f9 les deux s\u0153urs vont croiser une dizaine de personnages hauts en couleurs qui vont les orienter, les d\u00e9sorienter parfois, dans leur recherche identitaire. Leur qu\u00eate du bonheur reste une constante. Et avec elle, le cort\u00e8ge du quotidien dans lequel chacun essaye de se d\u00e9brouiller\u2026 Une introspection, au final inattendu, qui a l\u2019\u00e9l\u00e9gance de nous faire rire.<\/p>\n<h3>Jeudi 25 mai &#8211; 14h30 &#8211; Th\u00e9\u00e2tre de l\u2019Echange<br \/>\nBurlingue De G\u00e9rard Levoyer<br \/>\nLes Femmes S\u2019inventent<\/h3>\n<p>Deux employ\u00e9s mod\u00e8les, Jeannine et Simone, coll\u00e8gues depuis des ann\u00e9es, astreintes \u00e0 des t\u00e2ches simples et r\u00e9p\u00e9titives, entrent en conflit pour une gomme que l\u2019un<br \/>\nposs\u00e8de et dont l\u2019autre a besoin. Ce conflit, absurde comme la plupart des conflits, symbole de toutes les luttes de pouvoir, d\u00e9g\u00e9n\u00e8re au point de devenir un affrontement terrible, f\u00e9roce, sans concession, inexorable.<br \/>\nMourir pour des id\u00e9es, peut \u00eatre un geste h\u00e9ro\u00efque mais quand celui-ci est dict\u00e9 par la plus grande b\u00eatise, cela devient d\u00e9risoire et grotesque, absurde et hilarant.<\/p>\n<h3>Jeudi 25 mai &#8211; 16h30 &#8211; Salle Pierre Lamy<br \/>\nBoeing Boeing De Marc Camoletti<br \/>\nLes Com\u00e9diens de la Tour<\/h3>\n<p>Bernard, jeune architecte lib\u00e9ral de son m\u00e9tier, m\u00e8ne en plein Paris une vie parfaitement polygame, sans les inconv\u00e9nients du mariage. Fid\u00e8le \u00e0 ses trois fianc\u00e9es h\u00f4tesses de l\u2019air, qui bien s\u00fbr ignorent tout de la situation, il jongle habilement avec les fuseaux horaires. Sa complice ? Sa bonne tout \u00e0 fait rod\u00e9e aux modes op\u00e9ratoires de pr\u00e9paration du terrain. Mais attention, un ennemi impitoyable va d\u00e9r\u00e9gler les pendules\u2026 le 747, tout nouveau mod\u00e8le de la firme<br \/>\nBoeing, bien plus rapide\u2026 et les trois fianc\u00e9es se retrouvent ensemble dans le m\u00eame appartement !<br \/>\nCette com\u00e9die de Boulevard figure au Guinness Book des records comme la pi\u00e8ce la plus jou\u00e9e dans le monde. <\/p>\n<h3>Jeudi 25 mai &#8211; 18h30 &#8211; Th\u00e9\u00e2tre de l\u2019Echange<br \/>\nElle De Marie Pierre Cattino<br \/>\nLa Troupalex<\/h3>\n<p>Cela fait dix ans qu\u2019ELLE est partie, sans laisser de traces. Un jour pourtant, elle pr\u00e9texte un reportage sur la d\u00e9linquance dans une banlieue parisienne et sonne \u00e0 la porte de chez ses parents. Chaque soir, elle r\u00e9appara\u00eet ainsi, \u00e0 l\u2019heure du d\u00eener, face \u00e0 un p\u00e8re oublieux et \u00e0 une m\u00e8re bless\u00e9e, pour tenter de<br \/>\nrenouer un dialogue bris\u00e9 des ann\u00e9es plus t\u00f4t, essayer de raviver le souvenir d\u2019un fr\u00e8re disparu et mettre des mots sur des souffrances trop longtemps inavou\u00e9es.<\/p>\n<h3>Jeudi 25 mai &#8211; 21h &#8211; Salle Pierre Lamy<br \/>\nLes Femmes Savantes ou Moli\u00e8re, l\u2019Ap\u00e9ro Rock Com\u00e9die musicale De Moli\u00e8re<br \/>\nTh\u00e9\u00e2tre Ishtar<\/h3>\n<p>Le Th\u00e9\u00e2tre Ishtar propose une relecture audacieuse et d\u00e9jant\u00e9e des \u201cFemmes savantes\u201d.<br \/>\nLe classique de Moli\u00e8re est restitu\u00e9 dans le cadre des sixties aux \u00c9tats-Unis et devient un op\u00e9ra rock frais et dynamique. L\u2019histoire ? Henriette et Clitandre s\u2019aiment et souhaitent se marier. Mais ils doivent faire face au refus de Philamente, la m\u00e8re d\u2019Henriette qui a un autre gendre en t\u00eate : le charismatique Trissotin, rockeur \u00e0 la mode aux ambitions obscures\u2026 Et c\u2019\u00e9tait sans compter sur l\u2019opposition des autres femmes savantes : Armande, l\u2019ex de Clitandre, et B\u00e9lise, la tante excentrique qui s\u2019est persuad\u00e9e que le jeune homme la d\u00e9sire en secret. Et ce n\u2019est pas Chrysale, le patriarche bienveillant mais peu enclin \u00e0 contrarier sa femme, qui va secourir nos deux amoureux\u2026<\/p>\n<h3>Vendredi 26 mai &#8211; 11h &#8211; Th\u00e9\u00e2tre de l\u2019Echange<br \/>\nJean et B\u00e9atrice De Carole Fr\u00e9chette<br \/>\nCompagnie Histoire d\u2019en rire<\/h3>\n<p>Dans son appartement au 33  \u00e9tage, B\u00e9atrice attend ; elle a placard\u00e9 dans toute la ville une affiche promettant une r\u00e9compense substantielle \u00e0 celui qui pourra l\u2019int\u00e9resser, l\u2019\u00e9mouvoir et la s\u00e9duire. Un homme se pr\u00e9sente, Jean, chasseur de primes exp\u00e9riment\u00e9, pr\u00eat \u00e0 se soumettre aux trois \u00e9preuves par app\u00e2t du gain.<br \/>\nTr\u00e8s vite, B\u00e9atrice hausse les ench\u00e8res ; il s\u2019agit en fait d\u2019inventer l\u2019amour. L\u2019appartement se transforme alors en pi\u00e8ge et la rencontre devient duel\u2026<br \/>\nMais suffit-il de croire \u00e0 l\u2019amour pour le faire exister ?<\/p>\n<h3>Vendredi 26 mai &#8211; 14h30 &#8211; Th\u00e9\u00e2tre de l\u2019Echange<br \/>\nParle-moi d\u2019Amour De Philippe Claudel<br \/>\nL\u2019Ivre Compagnie<\/h3>\n<p>\u201cParle-moi d\u2019amour\u201d est proche de la comi-trag\u00e9die burlesque contemporaine : une sc\u00e8ne de m\u00e9nage o\u00f9 ELLE et LUI, la cinquantaine, seuls sur sc\u00e8ne, se livrent \u00e0 une dispute o\u00f9 tous les sujets de discorde sont \u00e9voqu\u00e9s : amour, enfants, parents, psychologie, politique, lifting\u2026<br \/>\nTous les coups sont permis : avec \u00e9l\u00e9gance, certes, avec distinction, parfois, de fa\u00e7on crue, souvent, mais avec une acidit\u00e9 et un mordant qui font mouche \u00e0 chaque r\u00e9plique. Mais, derri\u00e8re les mots, se cachent des maux. Une sorte de th\u00e9rapie de couple qui se transforme en th\u00e9rapie de groupe tant le sujet, \u00e0 tous, nous parle d\u2019amour.<\/p>\n<h3>Vendredi 26 mai &#8211; 16h &#8211; Salle Pierre Lamy<br \/>\nLa Noce chez les petits bourgeois De Bertolt Brecht<br \/>\nTroc Sc\u00e8ne<\/h3>\n<p>La noce s\u2019ouvre sur un couple de jeunes mari\u00e9s qui re\u00e7oit ses invit\u00e9s. Tout a \u00e9t\u00e9 pr\u00e9par\u00e9 pour faire de cette noce un moment inoubliable. Les convives s\u2019installent, essayant tant bien que mal de se montrer sociables et conciliants, de coller au mieux \u00e0 leurs convenances bourgeoises et \u00e0 l\u2019id\u00e9e que tous se font d\u2019une noce r\u00e9ussie.<br \/>\nMais cela ne dure pas. Les langues se d\u00e9lient et la nature reprend le dessus, l\u2019alcool aidant, sur toutes les r\u00e8gles de biens\u00e9ance. La soir\u00e9e se d\u00e9grade peu \u00e0 peu, au m\u00eame rythme que la maison s\u2019\u00e9croule.<br \/>\nBrecht montre avec humour et efficience la cruaut\u00e9 des hommes et le malin plaisir qu\u2019ils prennent \u00e0 se g\u00e2cher mutuellement la vie.<\/p>\n<h3>Vendredi 26 mai &#8211; 18h30 &#8211; Th\u00e9\u00e2tre de l\u2019Echange<br \/>\nMarie Octobre De Jacques Robert, Julien Duvivier et Henri Jeanson<br \/>\nSeptencie<\/h3>\n<p>21 heures, un soir d\u2019ao\u00fbt 1944. Les membres du r\u00e9seau de r\u00e9sistance Vaillance doivent tenir une r\u00e9union secr\u00e8te pour organiser le sabotage d\u2019un convoi allemand. La r\u00e9union vient \u00e0 peine de d\u00e9marrer lorsque les forces arm\u00e9es de la Gestapo font irruption et investissent le rep\u00e8re. Des coups de feu sont \u00e9chang\u00e9s<br \/>\nmais les r\u00e9sistants r\u00e9ussissent \u00e0 s\u2019enfuir. Tous, sauf un\u2026<br \/>\nLe commandant Castille, chef du r\u00e9seau Vaillance, est  assassin\u00e9.<br \/>\nQuinze ans plus tard, Marie-Octobre r\u00e9unit ses anciens compagnons. Elle leur r\u00e9v\u00e8le la raison cach\u00e9e de son invitation : \u00ab Le r\u00e9seau a \u00e9t\u00e9 livr\u00e9 par l\u2019un de ses<br \/>\nmembres\u2026\u00bb Qui est le traitre ? Quelle justice appliquer ?<\/p>\n<h3>Vendredi 26 mai &#8211; 21h &#8211; Salle Pierre Lamy<br \/>\nLe Premier D&rsquo;Isra\u00ebl Horovizt<br \/>\nTh\u00e9\u00e2tre du Torrent<\/h3>\n<p>Une ligne sur le sol. Quatre hommes et une femme font la queue\u2026 Pour chacun, un seul but, une seule ambition : \u00eatre \u201cle Premier\u201d \u00e0 n\u2019importe quel prix, par n\u2019importe quel moyen ! S\u00e9duction, violence, flatterie, sexe, jeux d\u2019alliance et de trahison, tout est bon pour arriver \u00e0 ses fins. Cris, rires, larmes, complicit\u00e9s, rivalit\u00e9s, histoires de vie\u2026 ?<br \/>\nLa satire f\u00e9roce de notre soci\u00e9t\u00e9 trait\u00e9e avec humour par l\u2019un des plus grands dramaturges contemporains.<\/p>\n<h3>Samedi 27 mai &#8211; 11h &#8211; Th\u00e9\u00e2tre de l\u2019Echange<br \/>\nPotestad d&rsquo;Eduardo Pavlovsky<br \/>\nCompagnie TA 58<\/h3>\n<p>Un homme nous confie son histoire. Il s\u2019est appropri\u00e9 par le pass\u00e9 la fille d\u2019opposants assassin\u00e9s.<br \/>\nAujourd\u2019hui on vient lui reprendre cette enfant, qui, lui dit-on, n\u2019est pas la sienne et il ne comprend pas.<br \/>\nPotestad, \u00e9crite vers la fin de la dictature argentine, ausculte l\u2019espace parfois infime entre victime et bourreau.<\/p>\n<h3>Samedi 27 mai &#8211; 14h30 &#8211; Th\u00e9\u00e2tre de l\u2019Echange<br \/>\nRapt D\u2019Ahmed MadaniJeanson<br \/>\nCompagnie les Mani Manivel\u2019<\/h3>\n<p>Henri et Simone, ch\u00f4meurs en fin de droit, sont au bout du rouleau : pas de travail, pas d\u2019argent, plus d\u2019avenir, seulement un peu d\u2019amour. Alors ils ont une id\u00e9e : kidnapper un vieux c\u00e9libataire, heureux gagnant du millionnaire que tout le monde a vu \u00e0 la t\u00e9l\u00e9, afin de lui faire avouer o\u00f9 il cache son magot\u2026 Quelles limites seront-ils pr\u00eats \u00e0 franchir pour arriver \u00e0 leur fin ?<br \/>\nRapt raconte l\u2019histoire d\u00e9risoire et drolatique d\u2019un trio d\u2019exclus path\u00e9tiques, dont on ne sait pas bien dire qui, du kidnappeur ou du kidnapp\u00e9, devient l\u2019otage de l\u2019autre.<\/p>\n<h3>Samedi 27 mai &#8211; 16h30 &#8211; Salle Pierre Lamy<br \/>\nLes r\u00e8gles du savoir-vivre dans la soci\u00e9t\u00e9 moderne De Jean Luc Lagarce<br \/>\nCompagnie Clin d\u2019\u0152il<\/h3>\n<p>Na\u00eetre, ce n\u2019est pas compliqu\u00e9. Mourir, c\u2019est tr\u00e8s facile. Vivre, entre ces deux \u00e9v\u00e9nements, ce n\u2019est pas n\u00e9cessairement impossible. Il n\u2019est question que de<br \/>\nsuivre les r\u00e8gles et d\u2019appliquer les principes pour s\u2019en accommoder.<br \/>\nIl s\u2019agit de conna\u00eetre et d\u2019apprendre, d\u00e8s l\u2019instant d\u00e9j\u00e0 si mondain de sa naissance, \u00e0 tenir son rang et respecter les codes qui r\u00e9gissent l\u2019existence. Il s\u2019agit enfin de contr\u00f4ler ses peines, de pleurer en quantit\u00e9 n\u00e9cessaire et relative, de juger de l\u2019importance de son chagrin et toujours, dans les instants les plus difficiles de la vie, d\u2019\u00e9valuer la juste part qu\u2019on leur accorde.<br \/>\nMais suffit-il de croire \u00e0 l\u2019amour pour le faire exister ?<\/p>\n<h3>Samedi 27 mai &#8211; 18h30 &#8211; Th\u00e9\u00e2tre de l\u2019Echange<br \/>\nDirection Critorium De Guy Foissy<br \/>\nCompagnie du TAF\u2019<\/h3>\n<p>Dans une soci\u00e9t\u00e9 si bien polic\u00e9e o\u00f9 crier est interdit, sauf au Critorium, trois femmes attendent un bus qui se fait trop attendre. Alors les langues se lient, se d\u00e9lient ou s\u2019oublient. Comment dire les mots, comment faire part de son mal-\u00eatre dans une soci\u00e9t\u00e9 malade o\u00f9 vous \u00eates surveill\u00e9s, fich\u00e9s, o\u00f9 toute initiative est proscrite. Un monde qui ne laisse la place ni au r\u00eave ni \u00e0 la pens\u00e9e, dans lequel il est interdit de se parler et o\u00f9 la seule solution pour rendre supportable l\u2019insupportable est d\u2019aller crier dans les Critoriums.<br \/>\nDirection Critorium est une fable sur le totalitarisme moderne. L\u2019actualit\u00e9 du propos interpelle, l\u2019extravagance de la situation est criante de naturel. Ici r\u00e9sonne le cri de nos propres angoisses et frustrations.<br \/>\nPar le prisme de l\u2019humour, c\u2019est tout le tragique d\u2019une r\u00e9alit\u00e9 sociale et politique qui fait \u00e9cho.<\/p>\n<h3>Samedi 27 mai &#8211; 21h &#8211; Salle Pierre Lamy<br \/>\nLe Bal des Voleurs De Jean Anouilh<br \/>\nProscenia Compagnie Th\u00e9\u00e2trale<\/h3>\n<p>La tr\u00e8s riche Lady Hurf s\u2019ennuie \u00e0 Vichy, tout comme ses deux ni\u00e8ces, Eva et Juliette, et son vieil ami Lord Edgard. Elle et ses ni\u00e8ces sont harcel\u00e9es par les DupontDufort, P\u00e8re et Fils, banquiers au bord de la faillite, qui aimeraient renflouer leur entreprise gr\u00e2ce \u00e0 une belle dot.<br \/>\nL\u2019arriv\u00e9e de trois voleurs, Peterbono ler chef, de Hector le s\u00e9ducteur et Gustave l\u2019apprenti, va tout changer\u2026<\/p>\n<h3>Dimanche 28 mai &#8211; 9h30 &#8211; Salle Pierre Lamy<br \/>\nD\u00e9bat<\/h3>\n<p>Le d\u00e9bat sera anim\u00e9 par R\u00e9al Couture, metteur en sc\u00e8ne et pr\u00e9sident de la FQTA, F\u00e9d\u00e9ration Qu\u00e9b\u00e9coise<br \/>\nde Th\u00e9\u00e2tre Amateur, qui nous fait l\u2019honneur de sa pr\u00e9sence. Il nous propose le th\u00e8me suivant : le th\u00e9\u00e2tre amateur en deux actes, acte social et acte artistique.<br \/>\nCela permettra de traiter l\u2019aspect humain et \u00e9ducatif de notre pratique th\u00e9\u00e2trale, ainsi que la notion de th\u00e9\u00e2tre de proximit\u00e9. Enfin, l\u2019aspect artistique et cr\u00e9atif de notre implication th\u00e9\u00e2trale sera abord\u00e9.<\/p>\n<h3>Dimanche 28 mai &#8211; 11h &#8211; Salle Pierre Lamy<br \/>\nRemise des prix<\/h3>\n<p>PRIX JEUNE<br \/>\nPrix d\u00e9cern\u00e9 par un jury \u201cJeune\u201d compos\u00e9 de cinq \u00e9l\u00e8ves, du Lyc\u00e9e Charles Baudelaire, option Th\u00e9\u00e2tre, \u00e0 Cran Gevrier.<br \/>\nPRIX DU PUBLIC<br \/>\nChaque spectateur est invit\u00e9 \u00e0 donner une note au spectacle auquel il vient d\u2019assister et de d\u00e9poser son bulletin de vote dans l\u2019urne se trouvant \u00e0 l\u2019accueil de chaque salle. Il pourra le faire en utilisant son billet d\u2019entr\u00e9e. En effet sur le verso se trouve quatre cases \u00e0 l\u2019int\u00e9rieur desquelles sont imprim\u00e9s 2, 4, 6 ou 8 masques. Il suffira de cocher la case correspondante \u00e0 la note d\u00e9sir\u00e9e (2 \u00e9tant la moins bonne note et 8 la meilleure). Ce vote est tr\u00e8s important afin que le prix du public refl\u00e8te l\u2019appr\u00e9ciation des spectateurs.<br \/>\nPRIX COUP DE C\u0152UR<br \/>\nPRIX VILLE D\u2019ANNECY<br \/>\nR\u00e9compensant La meilleure mise en sc\u00e8ne.<br \/>\nPRIX CAMILLE MUGNIER<br \/>\nR\u00e9compensant le meilleur spectacle.<br \/>\nCes 3 derniers prix sont d\u00e9cern\u00e9s par un jury constitu\u00e9 de 5 personnes \u00e9voluant dans le milieu du th\u00e9\u00e2tre ou public tr\u00e8s averti.<\/p>\n<p>&nbsp;<\/p>\n<h4><a href=\"https:\/\/lesescholiers.fr\/site\/wp-content\/uploads\/2016\/08\/LesEscholiers_10festival_programme2017.pdf\">>>>T\u00e9l\u00e9charger le programme du 10e festival des Escholiers au format pdf<\/a><\/h4>\n<p>&nbsp;<\/p>\n<h2>BILLETTERIE<\/h2>\n<h3>O\u00f9 acheter vos billets ?<\/h3>\n<p>Mardi 23 mai : Th\u00e9\u00e2tre de l\u2019Echange de 15h \u00e0 18h<br \/>\nMercredi 24 mai : Bonlieu Sc\u00e8ne Nationale \u201cPetite Salle\u201d de 19h \u00e0 23h<\/p>\n<p>Durant le festival la billetterie se fera exclusivement \u00e0 la salle Pierre Lamy :<br \/>\nMercredi 24 mai : de 9h30 \u00e0 12h<br \/>\nJeudi 25 mai, vendredi 26 mai et samedi 27 mai : 10h30 \u00e0 12h15 et de 13h30 \u00e0 21h<\/p>\n<h3>Spectacle d&rsquo;ouverture \u00e0 BONLIEU SCENE NATIONALE (mercredi 24 mai 2017)<\/h3>\n<p>Ce spectacle est gratuit. Toutefois, pour des mesures de s\u00e9curit\u00e9, un billet est exig\u00e9 et il doit \u00eatre retir\u00e9 \u00e0<br \/>\nla Billetterie de Bonlieu Sc\u00e8ne Nationale.<br \/>\nPossibilit\u00e9 de r\u00e9server au 04 50 33 44 11 ou \u00e0 billetterie@bonlieu-annecy.com<\/p>\n<h3>Tarifs <\/h3>\n<p>Abonnement nominatif pour les 15 repr\u00e9sentations : 60 \u20ac.<br \/>\nLors de l\u2019achat d\u2019un abonnement, il vous sera remis un badge nominatif ainsi que les 15 billets sp\u00e9cifiques pour chaque spectacle. L\u2019abonnement donne droit \u00e0 la r\u00e9servation d\u2019une place dans chaque salle.<\/p>\n<p>Prix d\u00e9gressif par quantit\u00e9<br \/>\nTarif Normal : 1er  billet 10 \u20ac &#8211; 2  billet 8 \u20ac &#8211; Billets suivants 6 \u20ac<br \/>\nTarif r\u00e9duit : 1er billet 8 \u20ac &#8211; Billets suivants 6 \u20ac. Sur pr\u00e9sentation de la carte : Membres FNCTA &#8211; Etudiants &#8211; Demandeurs d\u2019emploi<br \/>\nEnfant jusqu\u2019\u00e0 12 ans : tous les billets \u00e0 5 \u20ac.<br \/>\nCarte Annecy-Pass : tous les billets \u00e0 3 \u20ac<br \/>\nS\u00e9ance Scolaire : cette s\u00e9ance est ouverte \u00e0 tous, au tarif unique de 5 \u20ac (\u00e0 prendre avant le spectacle)<\/p>\n<p>&nbsp;<\/p>\n<h2> LES ADRESSES DES SPECTACLES<\/h2>\n<h3>SALLE PIERRE LAMY<\/h3>\n<p>12 Rue de la R\u00e9publique<br \/>\n74000 Annecy<\/p>\n<p><a href=\"https:\/\/www.google.fr\/maps\/place\/Salle+Pierre+Lamy\/@45.8991379,6.1238075,21z\/data=!4m13!1m7!3m6!1s0x478b8ff9e00aafe9:0x3fdcbb4ea4af5c96!2s26+Rue+Sommeiller,+74000+Annecy!3b1!8m2!3d45.9020048!4d6.1246845!3m4!1s0x0:0xa7e954264b54fd82!8m2!3d45.8991189!4d6.1237299\"><img loading=\"lazy\" decoding=\"async\" class=\"alignnone size-full wp-image-320\" src=\"https:\/\/lesescholiers.fr\/site\/wp-content\/uploads\/2014\/07\/carte.png\" alt=\"carte\" width=\"599\" height=\"269\" srcset=\"https:\/\/lesescholiers.fr\/site\/wp-content\/uploads\/2014\/07\/carte.png 599w, https:\/\/lesescholiers.fr\/site\/wp-content\/uploads\/2014\/07\/carte-300x134.png 300w, https:\/\/lesescholiers.fr\/site\/wp-content\/uploads\/2014\/07\/carte-480x215.png 480w\" sizes=\"(max-width: 599px) 100vw, 599px\" \/><\/a><\/p>\n<p>&nbsp;<\/p>\n<h3>THEATRE DE L&rsquo;ECHANGE<\/h3>\n<p>26 rue Sommeiller<br \/>\n74000 Annecy<\/p>\n<p><a href=\"https:\/\/www.google.fr\/maps\/place\/Th%C3%A9%C3%A2tre+de+l'Echange\/@45.901948,6.1246799,20.79z\/data=!4m13!1m7!3m6!1s0x478b8ff9e00aafe9:0x3fdcbb4ea4af5c96!2s26+Rue+Sommeiller,+74000+Annecy!3b1!8m2!3d45.9020048!4d6.1246845!3m4!1s0x0:0xa4428a940c82138f!8m2!3d45.9019948!4d6.1248665\"><img loading=\"lazy\" decoding=\"async\" class=\"alignnone size-full wp-image-320\" src=\"https:\/\/lesescholiers.fr\/site\/wp-content\/uploads\/2014\/07\/carte.png\" alt=\"carte\" width=\"599\" height=\"269\" srcset=\"https:\/\/lesescholiers.fr\/site\/wp-content\/uploads\/2014\/07\/carte.png 599w, https:\/\/lesescholiers.fr\/site\/wp-content\/uploads\/2014\/07\/carte-300x134.png 300w, https:\/\/lesescholiers.fr\/site\/wp-content\/uploads\/2014\/07\/carte-480x215.png 480w\" sizes=\"(max-width: 599px) 100vw, 599px\" \/><\/a><\/p>\n<h2> LE FESTIVAL<\/h2>\n<p>Les Escholiers se sont fix\u00e9s deux objectifs primordiaux. Le premier, montrer au plus grand nombre de spectateurs ann\u00e9ciens et touristes, que le th\u00e9\u00e2tre amateur offre  tr\u00e8s souvent une qualit\u00e9 de spectacle qui n\u2019a rien \u00e0 envier au th\u00e9\u00e2tre professionnel. Le deuxi\u00e8me, faire de ce festival un moment d&rsquo;\u00e9changes et de rencontres. C&rsquo;est pourquoi nous mettons un  point d&rsquo;honneur \u00e0 recevoir les festivaliers de la mani\u00e8re la plus conviviale possible.<br \/>\nNotre volont\u00e9 est d\u2019accepter tous les styles \u00e0 condition que la dominante soit th\u00e9\u00e2trale mais le spectacle peut contenir musique et danse. <\/p>\n<p>Le festival d\u00e9butera le mercredi soir avec sa c\u00e9r\u00e9monie d\u2019ouverture au cours de laquelle un spectacle d\u00e9voilera le programme. Il se poursuivra les trois jours suivants avec 15 repr\u00e9sentations (5 par jour en 2 salles). Le dimanche sera r\u00e9serv\u00e9 plus particuli\u00e8rement aux \u00e9changes entre les troupes avec, tout d\u2019abord un d\u00e9bat-colloque, suivi de la remise des prix et pour terminer un  repas propos\u00e9 \u00e0 tous les festivaliers.<\/p>\n<h2>EN IMAGES<\/h2>\n<p>Cr\u00e9dits photo (c) <a href=\"http:\/\/yannickperrin.free.fr\/\" target=\"_blank\">Yannick Perrin<\/a><\/p>\n","protected":false},"excerpt":{"rendered":"<p>PALMAR\u00c8S 2017 Prix public Potestad, Eduardo Pavlovsky Compagnie TA 58 Prix jeune Le Premier, Isra\u00ebl Horovitz Th\u00e9\u00e2tre du Torrent Prix coup de c\u0153ur Burlingue, G\u00e9rard Levoyer Les Femmes S&rsquo;inventent Prix ville d&rsquo;Annecy Les r\u00e8gles du Savoir-Vivre, Jean-Luc Lagarce Compagnie Clin&#8230;<\/p>\n","protected":false},"author":1,"featured_media":0,"parent":0,"menu_order":0,"comment_status":"closed","ping_status":"closed","template":"template-three-column.php","meta":{"_exactmetrics_skip_tracking":false,"_exactmetrics_sitenote_active":false,"_exactmetrics_sitenote_note":"","_exactmetrics_sitenote_category":0,"footnotes":""},"class_list":["post-1412","page","type-page","status-publish","hentry"],"_links":{"self":[{"href":"https:\/\/lesescholiers.fr\/site\/wp-json\/wp\/v2\/pages\/1412","targetHints":{"allow":["GET"]}}],"collection":[{"href":"https:\/\/lesescholiers.fr\/site\/wp-json\/wp\/v2\/pages"}],"about":[{"href":"https:\/\/lesescholiers.fr\/site\/wp-json\/wp\/v2\/types\/page"}],"author":[{"embeddable":true,"href":"https:\/\/lesescholiers.fr\/site\/wp-json\/wp\/v2\/users\/1"}],"replies":[{"embeddable":true,"href":"https:\/\/lesescholiers.fr\/site\/wp-json\/wp\/v2\/comments?post=1412"}],"version-history":[{"count":20,"href":"https:\/\/lesescholiers.fr\/site\/wp-json\/wp\/v2\/pages\/1412\/revisions"}],"predecessor-version":[{"id":1883,"href":"https:\/\/lesescholiers.fr\/site\/wp-json\/wp\/v2\/pages\/1412\/revisions\/1883"}],"wp:attachment":[{"href":"https:\/\/lesescholiers.fr\/site\/wp-json\/wp\/v2\/media?parent=1412"}],"curies":[{"name":"wp","href":"https:\/\/api.w.org\/{rel}","templated":true}]}}